{"id":51858,"date":"2023-03-08T20:38:10","date_gmt":"2023-03-08T19:38:10","guid":{"rendered":"https:\/\/twin.cargoline.de\/john-spedition\/kontraktlogistik\/"},"modified":"2023-03-08T20:38:10","modified_gmt":"2023-03-08T19:38:10","slug":"kontraktlogistik","status":"publish","type":"cpt_cargoline","link":"https:\/\/twin.cargoline.de\/john-spedition\/kontraktlogistik\/","title":{"rendered":"Kontraktlogistik"},"content":{"rendered":"\n<figure class=\"wp-block-image alignfull size-full\"><img decoding=\"async\" src=\"https:\/\/twin.cargoline.de\/wp-content\/uploads\/2023\/03\/CargoLine_Kontraktlogistik_Lagern_1920x421.jpg\" alt=\"\" class=\"wp-image-31576\" \/><\/figure>\n\n\n\n<div style=\"height:25px\" aria-hidden=\"true\" class=\"wp-block-spacer\"><\/div>\n\n\n\n<h1 class=\"wp-block-heading\"><strong>Bei CargoLine ist Kontraktlogistik mehr als Lagern!<\/strong><\/h1>\n\n\n\n<p>Sie fragen sich, warum Sie sich f\u00fcr CargoLine als Kontraktlogistik-Dienstleister entscheiden sollten? Vielleicht \u00fcberzeugen Sie folgende Fakten: <\/p>\n\n\n\n<p>F\u00fcr Sie verbinden wir ma\u00dfgeschneiderte logistische und logistiknahe Dienstleistungen mit den Vorz\u00fcgen eines eigenen Netzwerks, mittelst\u00e4ndischer Kundenn\u00e4he und Flexibilit\u00e4t. Europaweit und dank partner\u00fcbergreifender Zertifizierung in einheitlicher Qualit\u00e4t! Auf 1,6 Mio. Quadratmeter Lagerfl\u00e4che bzw. 1,6 Mio. Palettenstellpl\u00e4tzen erhalten Sie genau so viel Kontraktlogistik, wie Sie brauchen. Individuell und nach Ma\u00df.<\/p>\n\n\n\n<h2 class=\"wp-block-heading\"><strong>Unsere branchen\u00fcbergreifenden Basics entlang der gesamten Wertsch\u00f6pfungskette:<\/strong><\/h2>\n\n\n\n<ul class=\"wp-block-list\">\n<li>Beh\u00e4ltermanagement<\/li>\n\n\n\n<li>C-Teile-Logistik<\/li>\n\n\n\n<li>Displaybau<\/li>\n\n\n\n<li>Entsorgungs- und Ersatzteillogistik<\/li>\n\n\n\n<li>Etikettierung<\/li>\n\n\n\n<li>Intralogistik<\/li>\n\n\n\n<li>Kanban-Versorgung<\/li>\n\n\n\n<li>Kommissionierung und Konfektionierung<\/li>\n\n\n\n<li>Konsignationslager-Abwicklung<\/li>\n\n\n\n<li>Lieferantenmanagement<\/li>\n\n\n\n<li>Logistikberatung<\/li>\n\n\n\n<li>Materialbearbeitung<\/li>\n\n\n\n<li>Montagearbeiten<\/li>\n\n\n\n<li>Neutralisierung<\/li>\n\n\n\n<li>Qualit\u00e4tskontrolle<\/li>\n\n\n\n<li>Produktionsver- und -entsorgung<\/li>\n\n\n\n<li>Produktveredelung<\/li>\n\n\n\n<li>Reinigung<\/li>\n\n\n\n<li>Retourenmanagement<\/li>\n<\/ul>\n\n\n\n<div style=\"height:20px\" aria-hidden=\"true\" class=\"wp-block-spacer\"><\/div>\n\n\n\n<h2 class=\"wp-block-heading\"><strong>Weitere Gr\u00fcnde pro Kontraktlogistik bei CargoLine:<\/strong><\/h2>\n\n\n\n<p>Neben diesen Basics f\u00fcr alle Branchen bieten wir industriespezifisch zus\u00e4tzliche Spezialisierungen und Kontraktlogistikservices an. Unternehmen, die ihre Logistik bereits erfolgreich outsourcen oder \u00fcberlegen, dies zu tun, finden hier weitere Gr\u00fcnde, die f\u00fcr CargoLine als Kontraktlogistik-Partner sprechen:<\/p>\n\n\n\n<ul class=\"wp-block-list\">\n<li>eine gro\u00dfe Bandbreite an Dienstleistungen<\/li>\n\n\n\n<li>eine Kooperation mittelst\u00e4ndischer Unternehmer, d.h. Kundenn\u00e4he, dauerhaft ein- und derselbe Ansprechpartner, Begegnung auf Augenh\u00f6he, hohe Innovationsbereitschaft, Maximum an Flexibilit\u00e4t und Qualit\u00e4t<\/li>\n\n\n\n<li>netzwerk\u00fcbergreifende Einheitlichkeit in Sachen Standards und Qualit\u00e4t (DIN EN ISO 9001:2015 inkl. HACCP-Konzept und Logistische Dienstleistungen, DIN EN 14001)<\/li>\n\n\n\n<li>weitere Zertifizierungen u.a. nach SQAS, QEHS, AEO<\/li>\n\n\n\n<li>Einhaltung der Luftfahrt-Sicherheitsrichtlinien sowie der IFS-, HACCP- und GMP-Standards<\/li>\n\n\n\n<li>enge Verzahnung von Kontraktlogistik und Transport durch ein eigenes fl\u00e4chendeckendes Netzwerk in Europa mit \u00fcber 80 Partnern und mehr als 1.500 Direktverkehren. Dadurch hohe Effizienz und optimale Transportqualit\u00e4t<\/li>\n\n\n\n<li>mehr als 1,6 Mio. Quadratmeter Lagerfl\u00e4che bzw. 1,6 Mio. Palettenstellpl\u00e4tze allein in Deutschland<\/li>\n\n\n\n<li>OZL, AKL, temperaturgef\u00fchrte- sowie Gefahrstofflager u.v.m.<\/li>\n\n\n\n<li>SAP-Schnittstellen<\/li>\n\n\n\n<li>Sicherung durch Zugangskontrollen und Video\u00fcberwachung<\/li>\n<\/ul>\n\n\n\n<div style=\"height:20px\" aria-hidden=\"true\" class=\"wp-block-spacer\"><\/div>\n\n\n\n<h4 class=\"wp-block-heading\"><strong>Interessante Fallbeispiele aus dem Bereich Kontraktlogistik finden Sie in dem folgenden Artikel aus unserer Kundenzeitschrift CargoTime.<\/strong><\/h4>\n\n\n\n<div data-wp-interactive=\"core\/file\" class=\"wp-block-file\"><object data-wp-bind--hidden=\"!state.hasPdfPreview\" hidden class=\"wp-block-file__embed\" data=\"https:\/\/twin.cargoline.de\/wp-content\/uploads\/2024\/02\/CargoTime-2-2023_D_Kontraktlogistik.pdf\" type=\"application\/pdf\" style=\"width:100%;height:600px\" aria-label=\"Einbettung von CargoTime-2-2023_D_Kontraktlogistik.\"><\/object><a id=\"wp-block-file--media-9edd4208-0820-4032-99d6-d25716fb6e31\" href=\"https:\/\/twin.cargoline.de\/wp-content\/uploads\/2024\/02\/CargoTime-2-2023_D_Kontraktlogistik.pdf\">CargoTime-2-2023_D_Kontraktlogistik<\/a><a href=\"https:\/\/twin.cargoline.de\/wp-content\/uploads\/2024\/02\/CargoTime-2-2023_D_Kontraktlogistik.pdf\" class=\"wp-block-file__button wp-element-button\" download aria-describedby=\"wp-block-file--media-9edd4208-0820-4032-99d6-d25716fb6e31\">Herunterladen<\/a><\/div>\n\n\n\n<div style=\"height:5vh\" aria-hidden=\"true\" class=\"wp-block-spacer\"><\/div>\n\n\n\n<h2 class=\"wp-block-heading\"><strong>Branchen, in denen wir eine besonders hohe Kontraktlogistikkompetenz aufweisen:<\/strong><\/h2>\n\n\n\n<div class=\"inherit-container-width wp-block-group is-layout-constrained wp-block-group-is-layout-constrained\">\n<div class=\"wp-block-columns is-layout-flex wp-container-core-columns-is-layout-28f84493 wp-block-columns-is-layout-flex\">\n<div class=\"wp-block-column has-white-background-color has-background is-layout-flow wp-block-column-is-layout-flow\" style=\"padding-top:var(--wp--preset--spacing--50);padding-right:var(--wp--preset--spacing--50);padding-bottom:var(--wp--preset--spacing--50);padding-left:var(--wp--preset--spacing--50)\">\n<figure class=\"wp-block-image aligncenter size-large\"><img decoding=\"async\" src=\"https:\/\/twin.cargoline.de\/wp-content\/uploads\/2023\/02\/CargoLine_Gebrauchsgueter_Kontraktlogistik_1160x160-edited.jpg\" alt=\"Gebrauchsgueter Kontraktlogistik\" class=\"wp-image-31497\" \/><\/figure>\n\n\n\n<h3 class=\"wp-block-heading\"><strong>Gebrauchs- und Konsumg\u00fcter<\/strong><\/h3>\n\n\n\n<div class=\"wp-block-buttons is-content-justification-center is-layout-flex wp-container-core-buttons-is-layout-a89b3969 wp-block-buttons-is-layout-flex\">\n<div class=\"wp-block-button has-custom-width wp-block-button__width-100\"><a class=\"wp-block-button__link wp-element-button\" href=\"\/gebrauchs-und-konsumgueter-kontraktlogistik\/\" style=\"border-radius:100px;padding-top:var(--wp--preset--spacing--30);padding-right:var(--wp--preset--spacing--30);padding-bottom:var(--wp--preset--spacing--30);padding-left:var(--wp--preset--spacing--30)\">Mehr erfahren<\/a><\/div>\n<\/div>\n<\/div>\n\n\n\n<div class=\"wp-block-column has-white-background-color has-background is-layout-flow wp-block-column-is-layout-flow\" style=\"padding-top:var(--wp--preset--spacing--50);padding-right:var(--wp--preset--spacing--50);padding-bottom:var(--wp--preset--spacing--50);padding-left:var(--wp--preset--spacing--50)\">\n<figure class=\"wp-block-image aligncenter size-large has-custom-border is-style-default\"><img decoding=\"async\" src=\"https:\/\/twin.cargoline.de\/wp-content\/uploads\/2023\/02\/CargoLine_Chemie_Kontraktlogistik_1160x160-edited.jpg\" alt=\"\" class=\"wp-image-31495\" style=\"border-style:none;border-width:0px\" \/><\/figure>\n\n\n\n<h3 class=\"wp-block-heading\"><strong>Chemie und Gefahrstoffe<\/strong><\/h3>\n\n\n\n<div class=\"wp-block-buttons is-content-justification-center is-layout-flex wp-container-core-buttons-is-layout-a89b3969 wp-block-buttons-is-layout-flex\">\n<div class=\"wp-block-button has-custom-width wp-block-button__width-100\"><a class=\"wp-block-button__link wp-element-button\" href=\"\/chemie-und-gefahrstoffe-kontraktlogistik\/\" style=\"border-radius:100px\">Mehr erfahren<\/a><\/div>\n<\/div>\n<\/div>\n\n\n\n<div class=\"wp-block-column has-white-background-color has-background is-layout-flow wp-block-column-is-layout-flow\" style=\"padding-top:var(--wp--preset--spacing--50);padding-right:var(--wp--preset--spacing--50);padding-bottom:var(--wp--preset--spacing--50);padding-left:var(--wp--preset--spacing--50)\">\n<figure class=\"wp-block-image size-large\"><img decoding=\"async\" src=\"https:\/\/twin.cargoline.de\/wp-content\/uploads\/2023\/02\/CargoLine_Maschinen_Kontraktlogistik_1160x160-edited.jpg\" alt=\"Kontraktlogistik f\u00fcr Maschinenbau und Elektrotechnik\" class=\"wp-image-31501\" \/><\/figure>\n\n\n\n<h3 class=\"wp-block-heading\"><strong>Maschinenbau -Elektrotechnik<\/strong><\/h3>\n\n\n\n<div class=\"wp-block-buttons is-content-justification-center is-layout-flex wp-container-core-buttons-is-layout-a89b3969 wp-block-buttons-is-layout-flex\">\n<div class=\"wp-block-button has-custom-width wp-block-button__width-100\"><a class=\"wp-block-button__link wp-element-button\" href=\"\/maschinenbau-und-elektrotechnik-kontraktlogistik\/\" style=\"border-radius:100px\">Mehr erfahren<\/a><\/div>\n<\/div>\n<\/div>\n<\/div>\n\n\n\n<div class=\"wp-block-columns is-layout-flex wp-container-core-columns-is-layout-28f84493 wp-block-columns-is-layout-flex\">\n<div class=\"wp-block-column has-white-background-color has-background is-layout-flow wp-block-column-is-layout-flow\" style=\"padding-top:var(--wp--preset--spacing--50);padding-right:var(--wp--preset--spacing--50);padding-bottom:var(--wp--preset--spacing--50);padding-left:var(--wp--preset--spacing--50)\">\n<figure class=\"wp-block-image size-large\"><img decoding=\"async\" src=\"https:\/\/twin.cargoline.de\/wp-content\/uploads\/2023\/02\/CargoLine_Automotive_Kontraktlogistik_1160x160-edited-2.jpg\" alt=\"Kontraktlogistik f\u00fcr die Automobilindustrie\" class=\"wp-image-31494\" \/><\/figure>\n\n\n\n<h3 class=\"wp-block-heading\"><strong>Automotive<\/strong><\/h3>\n\n\n\n<div class=\"wp-block-buttons is-content-justification-center is-layout-flex wp-container-core-buttons-is-layout-a89b3969 wp-block-buttons-is-layout-flex\">\n<div class=\"wp-block-button has-custom-width wp-block-button__width-100\"><a class=\"wp-block-button__link wp-element-button\" href=\"\/automotive-kontraktlogistik-fuer-die-automobilindustrie\/\" style=\"border-radius:100px\">Mehr erfahren<\/a><\/div>\n<\/div>\n<\/div>\n\n\n\n<div class=\"wp-block-column has-white-background-color has-background is-layout-flow wp-block-column-is-layout-flow\" style=\"padding-top:var(--wp--preset--spacing--50);padding-right:var(--wp--preset--spacing--50);padding-bottom:var(--wp--preset--spacing--50);padding-left:var(--wp--preset--spacing--50)\">\n<figure class=\"wp-block-image size-large\"><img decoding=\"async\" src=\"https:\/\/twin.cargoline.de\/wp-content\/uploads\/2023\/02\/CargoLine_e-commerce_Kontraktlogistik_1160x160-edited.jpg\" alt=\"\" class=\"wp-image-31496\" \/><\/figure>\n\n\n\n<h3 class=\"wp-block-heading\"><strong>E-Commerce<\/strong><\/h3>\n\n\n\n<div class=\"wp-block-buttons is-content-justification-center is-layout-flex wp-container-core-buttons-is-layout-a89b3969 wp-block-buttons-is-layout-flex\">\n<div class=\"wp-block-button has-custom-width wp-block-button__width-100\"><a class=\"wp-block-button__link wp-element-button\" href=\"\/e-commerce-kontraktlogistik-fuer-den-onlinehandel\/\" style=\"border-radius:100px\">Mehr erfahren<\/a><\/div>\n<\/div>\n<\/div>\n\n\n\n<div class=\"wp-block-column has-white-background-color has-background is-layout-flow wp-block-column-is-layout-flow\" style=\"padding-top:var(--wp--preset--spacing--50);padding-right:var(--wp--preset--spacing--50);padding-bottom:var(--wp--preset--spacing--50);padding-left:var(--wp--preset--spacing--50)\">\n<figure class=\"wp-block-image size-large\"><img decoding=\"async\" src=\"https:\/\/twin.cargoline.de\/wp-content\/uploads\/2023\/02\/CargoLine_Lebensmittel_Kontraktlogistik_1160x160-edited.jpg\" alt=\"Kontraktlogistik f\u00fcr die Lebensmittelindustrie\" class=\"wp-image-31499\" \/><\/figure>\n\n\n\n<h3 class=\"wp-block-heading\"><strong>Lebensmittel<\/strong><\/h3>\n\n\n\n<div class=\"wp-block-buttons is-content-justification-center is-layout-flex wp-container-core-buttons-is-layout-a89b3969 wp-block-buttons-is-layout-flex\">\n<div class=\"wp-block-button has-custom-width wp-block-button__width-100\"><a class=\"wp-block-button__link wp-element-button\" href=\"\/lebensmittel-kontraktlogistik-fuer-die-lebensmittelindustrie\/\" style=\"border-radius:100px\">Mehr erfahren<\/a><\/div>\n<\/div>\n<\/div>\n<\/div>\n\n\n\n<div class=\"wp-block-columns is-layout-flex wp-container-core-columns-is-layout-28f84493 wp-block-columns-is-layout-flex\">\n<div class=\"wp-block-column has-white-background-color has-background is-layout-flow wp-block-column-is-layout-flow\" style=\"padding-top:var(--wp--preset--spacing--50);padding-right:var(--wp--preset--spacing--50);padding-bottom:var(--wp--preset--spacing--50);padding-left:var(--wp--preset--spacing--50)\">\n<figure class=\"wp-block-image aligncenter size-large\"><img decoding=\"async\" src=\"https:\/\/twin.cargoline.de\/wp-content\/uploads\/2023\/02\/CargoLine_Pharma_Kontraktlogistik_1160x160-edited.jpg\" alt=\"Kontraktlogistik f\u00fcr die Healthcare- und Pharmaindustrie\" class=\"wp-image-31498\" \/><\/figure>\n\n\n\n<h3 class=\"wp-block-heading\" style=\"font-size:27px\"><strong>Healthcare \/ Pharma<\/strong><\/h3>\n\n\n\n<div class=\"wp-block-buttons is-content-justification-center is-layout-flex wp-container-core-buttons-is-layout-a89b3969 wp-block-buttons-is-layout-flex\">\n<div class=\"wp-block-button has-custom-width wp-block-button__width-100\"><a class=\"wp-block-button__link wp-element-button\" href=\"\/healthcare-pharma-kontraktlogistik\/\" style=\"border-radius:100px\">Mehr erfahren<\/a><\/div>\n<\/div>\n<\/div>\n\n\n\n<div class=\"wp-block-column has-white-background-color has-background is-layout-flow wp-block-column-is-layout-flow\" style=\"padding-top:var(--wp--preset--spacing--50);padding-right:var(--wp--preset--spacing--50);padding-bottom:var(--wp--preset--spacing--50);padding-left:var(--wp--preset--spacing--50)\">\n<figure class=\"wp-block-image size-large\"><img decoding=\"async\" src=\"https:\/\/twin.cargoline.de\/wp-content\/uploads\/2023\/02\/CargoLine_Luft-und_Raumfahrt_Kontraktlogistik_1160x160-edited.jpg\" alt=\"Kontraktlogistik f\u00fcr Luft- und Raumfahrttechnik\" class=\"wp-image-31500\" \/><\/figure>\n\n\n\n<h3 class=\"wp-block-heading\" style=\"font-size:27px\"><strong>Luft- und Raumfahrt<\/strong><\/h3>\n\n\n\n<div class=\"wp-block-buttons is-content-justification-center is-layout-flex wp-container-core-buttons-is-layout-a89b3969 wp-block-buttons-is-layout-flex\">\n<div class=\"wp-block-button has-custom-width wp-block-button__width-100\"><a class=\"wp-block-button__link wp-element-button\" href=\"\/luft-und-raumfahrttechnik-kontraktlogistik\/\" style=\"border-radius:100px\">Mehr erfahren<\/a><\/div>\n<\/div>\n<\/div>\n\n\n\n<div class=\"wp-block-column has-white-background-color has-background is-layout-flow wp-block-column-is-layout-flow\" style=\"padding-top:var(--wp--preset--spacing--50);padding-right:var(--wp--preset--spacing--50);padding-bottom:var(--wp--preset--spacing--50);padding-left:var(--wp--preset--spacing--50)\">\n<figure class=\"wp-block-image size-large\"><img decoding=\"async\" src=\"https:\/\/twin.cargoline.de\/wp-content\/uploads\/2023\/02\/CargoLine_Papier_Kontraktlogistik_1160x160-edited.jpg\" alt=\"Kontraktlogistik f\u00fcr die Papierindustrie\" class=\"wp-image-31504\" \/><\/figure>\n\n\n\n<h3 class=\"wp-block-heading\"><strong>Papier<\/strong><\/h3>\n\n\n\n<div class=\"wp-block-buttons is-content-justification-center is-layout-flex wp-container-core-buttons-is-layout-a89b3969 wp-block-buttons-is-layout-flex\">\n<div class=\"wp-block-button has-custom-width wp-block-button__width-100\"><a class=\"wp-block-button__link wp-element-button\" href=\"\/kontraktlogistik-fuer-die-papierindustrie\/\" style=\"border-radius:100px\">Mehr erfahren<\/a><\/div>\n<\/div>\n<\/div>\n<\/div>\n<\/div>\n","protected":false},"featured_media":0,"menu_order":0,"template":"","meta":{"site-sidebar-layout":"default","site-content-layout":"","ast-site-content-layout":"default","site-content-style":"default","site-sidebar-style":"default","ast-global-header-display":"","ast-banner-title-visibility":"","ast-main-header-display":"","ast-hfb-above-header-display":"","ast-hfb-below-header-display":"","ast-hfb-mobile-header-display":"","site-post-title":"","ast-breadcrumbs-content":"","ast-featured-img":"","footer-sml-layout":"","ast-disable-related-posts":"","theme-transparent-header-meta":"","adv-header-id-meta":"","stick-header-meta":"","header-above-stick-meta":"","header-main-stick-meta":"","header-below-stick-meta":"","astra-migrate-meta-layouts":"default","ast-page-background-enabled":"default","ast-page-background-meta":{"desktop":{"background-color":"var(--ast-global-color-4)","background-image":"","background-repeat":"repeat","background-position":"center center","background-size":"auto","background-attachment":"scroll","background-type":"","background-media":"","overlay-type":"","overlay-color":"","overlay-opacity":"","overlay-gradient":""},"tablet":{"background-color":"","background-image":"","background-repeat":"repeat","background-position":"center center","background-size":"auto","background-attachment":"scroll","background-type":"","background-media":"","overlay-type":"","overlay-color":"","overlay-opacity":"","overlay-gradient":""},"mobile":{"background-color":"","background-image":"","background-repeat":"repeat","background-position":"center center","background-size":"auto","background-attachment":"scroll","background-type":"","background-media":"","overlay-type":"","overlay-color":"","overlay-opacity":"","overlay-gradient":""}},"ast-content-background-meta":{"desktop":{"background-color":"var(--ast-global-color-5)","background-image":"","background-repeat":"repeat","background-position":"center center","background-size":"auto","background-attachment":"scroll","background-type":"","background-media":"","overlay-type":"","overlay-color":"","overlay-opacity":"","overlay-gradient":""},"tablet":{"background-color":"var(--ast-global-color-5)","background-image":"","background-repeat":"repeat","background-position":"center center","background-size":"auto","background-attachment":"scroll","background-type":"","background-media":"","overlay-type":"","overlay-color":"","overlay-opacity":"","overlay-gradient":""},"mobile":{"background-color":"var(--ast-global-color-5)","background-image":"","background-repeat":"repeat","background-position":"center center","background-size":"auto","background-attachment":"scroll","background-type":"","background-media":"","overlay-type":"","overlay-color":"","overlay-opacity":"","overlay-gradient":""}}},"cpt_cargoline_kategorie":[45],"class_list":["post-51858","cpt_cargoline","type-cpt_cargoline","status-publish","hentry","cpt_cargoline_kategorie-kontraktlogistik-hauptseite"],"yoast_head":"<!-- This site is optimized with the Yoast SEO plugin v27.5 - https:\/\/yoast.com\/product\/yoast-seo-wordpress\/ -->\n<title>Kontraktlogistik - John Spedition GmbH - Ihr Partner<\/title>\n<meta name=\"robots\" content=\"noindex, follow, max-snippet:-1, max-image-preview:large, max-video-preview:-1\" \/>\n<meta property=\"og:locale\" content=\"de_DE\" \/>\n<meta property=\"og:type\" content=\"article\" \/>\n<meta property=\"og:title\" content=\"Kontraktlogistik - John Spedition GmbH - Ihr Partner\" \/>\n<meta property=\"og:description\" content=\"Bei CargoLine ist Kontraktlogistik mehr als Lagern! Sie fragen sich, warum Sie sich f\u00fcr CargoLine als Kontraktlogistik-Dienstleister entscheiden sollten? Vielleicht \u00fcberzeugen Sie folgende Fakten: F\u00fcr Sie verbinden wir ma\u00dfgeschneiderte logistische [&hellip;]\" \/>\n<meta property=\"og:url\" content=\"https:\/\/twin.cargoline.de\/john-spedition\/kontraktlogistik\/\" \/>\n<meta property=\"og:site_name\" content=\"John Spedition GmbH - Ihr Partner\" \/>\n<meta name=\"twitter:card\" content=\"summary_large_image\" \/>\n<meta name=\"twitter:label1\" content=\"Gesch\u00e4tzte Lesezeit\" \/>\n\t<meta name=\"twitter:data1\" content=\"2\u00a0Minuten\" \/>\n<script type=\"application\/ld+json\" class=\"yoast-schema-graph\">{\"@context\":\"https:\\\/\\\/schema.org\",\"@graph\":[{\"@type\":\"WebPage\",\"@id\":\"https:\\\/\\\/twin.cargoline.de\\\/john-spedition\\\/kontraktlogistik\\\/\",\"url\":\"https:\\\/\\\/twin.cargoline.de\\\/john-spedition\\\/kontraktlogistik\\\/\",\"name\":\"Kontraktlogistik - John Spedition GmbH - Ihr Partner\",\"isPartOf\":{\"@id\":\"https:\\\/\\\/twin.cargoline.de\\\/john-spedition\\\/#website\"},\"primaryImageOfPage\":{\"@id\":\"https:\\\/\\\/twin.cargoline.de\\\/john-spedition\\\/kontraktlogistik\\\/#primaryimage\"},\"image\":{\"@id\":\"https:\\\/\\\/twin.cargoline.de\\\/john-spedition\\\/kontraktlogistik\\\/#primaryimage\"},\"thumbnailUrl\":\"https:\\\/\\\/twin.cargoline.de\\\/wp-content\\\/uploads\\\/2023\\\/03\\\/CargoLine_Kontraktlogistik_Lagern_1920x421.jpg\",\"datePublished\":\"2023-03-08T19:38:10+00:00\",\"breadcrumb\":{\"@id\":\"https:\\\/\\\/twin.cargoline.de\\\/john-spedition\\\/kontraktlogistik\\\/#breadcrumb\"},\"inLanguage\":\"de\",\"potentialAction\":[{\"@type\":\"ReadAction\",\"target\":[\"https:\\\/\\\/twin.cargoline.de\\\/john-spedition\\\/kontraktlogistik\\\/\"]}]},{\"@type\":\"ImageObject\",\"inLanguage\":\"de\",\"@id\":\"https:\\\/\\\/twin.cargoline.de\\\/john-spedition\\\/kontraktlogistik\\\/#primaryimage\",\"url\":\"https:\\\/\\\/twin.cargoline.de\\\/wp-content\\\/uploads\\\/2023\\\/03\\\/CargoLine_Kontraktlogistik_Lagern_1920x421.jpg\",\"contentUrl\":\"https:\\\/\\\/twin.cargoline.de\\\/wp-content\\\/uploads\\\/2023\\\/03\\\/CargoLine_Kontraktlogistik_Lagern_1920x421.jpg\"},{\"@type\":\"BreadcrumbList\",\"@id\":\"https:\\\/\\\/twin.cargoline.de\\\/john-spedition\\\/kontraktlogistik\\\/#breadcrumb\",\"itemListElement\":[{\"@type\":\"ListItem\",\"position\":1,\"name\":\"Startseite\",\"item\":\"https:\\\/\\\/twin.cargoline.de\\\/john-spedition\\\/\"},{\"@type\":\"ListItem\",\"position\":2,\"name\":\"Kontraktlogistik\"}]},{\"@type\":\"WebSite\",\"@id\":\"https:\\\/\\\/twin.cargoline.de\\\/john-spedition\\\/#website\",\"url\":\"https:\\\/\\\/twin.cargoline.de\\\/john-spedition\\\/\",\"name\":\"John Spedition GmbH - Ihr Partner\",\"description\":\"code-x - Internet &amp; Marketing\",\"publisher\":{\"@id\":\"https:\\\/\\\/twin.cargoline.de\\\/john-spedition\\\/#organization\"},\"potentialAction\":[{\"@type\":\"SearchAction\",\"target\":{\"@type\":\"EntryPoint\",\"urlTemplate\":\"https:\\\/\\\/twin.cargoline.de\\\/john-spedition\\\/?s={search_term_string}\"},\"query-input\":{\"@type\":\"PropertyValueSpecification\",\"valueRequired\":true,\"valueName\":\"search_term_string\"}}],\"inLanguage\":\"de\"},{\"@type\":\"Organization\",\"@id\":\"https:\\\/\\\/twin.cargoline.de\\\/john-spedition\\\/#organization\",\"name\":\"John Spedition GmbH - Ihr Partner\",\"url\":\"https:\\\/\\\/twin.cargoline.de\\\/john-spedition\\\/\",\"logo\":{\"@type\":\"ImageObject\",\"inLanguage\":\"de\",\"@id\":\"https:\\\/\\\/twin.cargoline.de\\\/john-spedition\\\/#\\\/schema\\\/logo\\\/image\\\/\",\"url\":\"https:\\\/\\\/twin.cargoline.de\\\/john-spedition\\\/wp-content\\\/uploads\\\/sites\\\/67\\\/2025\\\/11\\\/Logo_John_Zusatz.webp\",\"contentUrl\":\"https:\\\/\\\/twin.cargoline.de\\\/john-spedition\\\/wp-content\\\/uploads\\\/sites\\\/67\\\/2025\\\/11\\\/Logo_John_Zusatz.webp\",\"width\":1181,\"height\":709,\"caption\":\"John Spedition GmbH - Ihr Partner\"},\"image\":{\"@id\":\"https:\\\/\\\/twin.cargoline.de\\\/john-spedition\\\/#\\\/schema\\\/logo\\\/image\\\/\"}}]}<\/script>\n<!-- \/ Yoast SEO plugin. -->","yoast_head_json":{"title":"Kontraktlogistik - John Spedition GmbH - Ihr Partner","robots":{"index":"noindex","follow":"follow","max-snippet":"max-snippet:-1","max-image-preview":"max-image-preview:large","max-video-preview":"max-video-preview:-1"},"og_locale":"de_DE","og_type":"article","og_title":"Kontraktlogistik - John Spedition GmbH - Ihr Partner","og_description":"Bei CargoLine ist Kontraktlogistik mehr als Lagern! Sie fragen sich, warum Sie sich f\u00fcr CargoLine als Kontraktlogistik-Dienstleister entscheiden sollten? Vielleicht \u00fcberzeugen Sie folgende Fakten: F\u00fcr Sie verbinden wir ma\u00dfgeschneiderte logistische [&hellip;]","og_url":"https:\/\/twin.cargoline.de\/john-spedition\/kontraktlogistik\/","og_site_name":"John Spedition GmbH - Ihr Partner","twitter_card":"summary_large_image","twitter_misc":{"Gesch\u00e4tzte Lesezeit":"2\u00a0Minuten"},"schema":{"@context":"https:\/\/schema.org","@graph":[{"@type":"WebPage","@id":"https:\/\/twin.cargoline.de\/john-spedition\/kontraktlogistik\/","url":"https:\/\/twin.cargoline.de\/john-spedition\/kontraktlogistik\/","name":"Kontraktlogistik - John Spedition GmbH - Ihr Partner","isPartOf":{"@id":"https:\/\/twin.cargoline.de\/john-spedition\/#website"},"primaryImageOfPage":{"@id":"https:\/\/twin.cargoline.de\/john-spedition\/kontraktlogistik\/#primaryimage"},"image":{"@id":"https:\/\/twin.cargoline.de\/john-spedition\/kontraktlogistik\/#primaryimage"},"thumbnailUrl":"https:\/\/twin.cargoline.de\/wp-content\/uploads\/2023\/03\/CargoLine_Kontraktlogistik_Lagern_1920x421.jpg","datePublished":"2023-03-08T19:38:10+00:00","breadcrumb":{"@id":"https:\/\/twin.cargoline.de\/john-spedition\/kontraktlogistik\/#breadcrumb"},"inLanguage":"de","potentialAction":[{"@type":"ReadAction","target":["https:\/\/twin.cargoline.de\/john-spedition\/kontraktlogistik\/"]}]},{"@type":"ImageObject","inLanguage":"de","@id":"https:\/\/twin.cargoline.de\/john-spedition\/kontraktlogistik\/#primaryimage","url":"https:\/\/twin.cargoline.de\/wp-content\/uploads\/2023\/03\/CargoLine_Kontraktlogistik_Lagern_1920x421.jpg","contentUrl":"https:\/\/twin.cargoline.de\/wp-content\/uploads\/2023\/03\/CargoLine_Kontraktlogistik_Lagern_1920x421.jpg"},{"@type":"BreadcrumbList","@id":"https:\/\/twin.cargoline.de\/john-spedition\/kontraktlogistik\/#breadcrumb","itemListElement":[{"@type":"ListItem","position":1,"name":"Startseite","item":"https:\/\/twin.cargoline.de\/john-spedition\/"},{"@type":"ListItem","position":2,"name":"Kontraktlogistik"}]},{"@type":"WebSite","@id":"https:\/\/twin.cargoline.de\/john-spedition\/#website","url":"https:\/\/twin.cargoline.de\/john-spedition\/","name":"John Spedition GmbH - Ihr Partner","description":"code-x - Internet &amp; Marketing","publisher":{"@id":"https:\/\/twin.cargoline.de\/john-spedition\/#organization"},"potentialAction":[{"@type":"SearchAction","target":{"@type":"EntryPoint","urlTemplate":"https:\/\/twin.cargoline.de\/john-spedition\/?s={search_term_string}"},"query-input":{"@type":"PropertyValueSpecification","valueRequired":true,"valueName":"search_term_string"}}],"inLanguage":"de"},{"@type":"Organization","@id":"https:\/\/twin.cargoline.de\/john-spedition\/#organization","name":"John Spedition GmbH - Ihr Partner","url":"https:\/\/twin.cargoline.de\/john-spedition\/","logo":{"@type":"ImageObject","inLanguage":"de","@id":"https:\/\/twin.cargoline.de\/john-spedition\/#\/schema\/logo\/image\/","url":"https:\/\/twin.cargoline.de\/john-spedition\/wp-content\/uploads\/sites\/67\/2025\/11\/Logo_John_Zusatz.webp","contentUrl":"https:\/\/twin.cargoline.de\/john-spedition\/wp-content\/uploads\/sites\/67\/2025\/11\/Logo_John_Zusatz.webp","width":1181,"height":709,"caption":"John Spedition GmbH - Ihr Partner"},"image":{"@id":"https:\/\/twin.cargoline.de\/john-spedition\/#\/schema\/logo\/image\/"}}]}},"_links":{"self":[{"href":"https:\/\/twin.cargoline.de\/john-spedition\/wp-json\/wp\/v2\/cpt_cargoline\/51858","targetHints":{"allow":["GET"]}}],"collection":[{"href":"https:\/\/twin.cargoline.de\/john-spedition\/wp-json\/wp\/v2\/cpt_cargoline"}],"about":[{"href":"https:\/\/twin.cargoline.de\/john-spedition\/wp-json\/wp\/v2\/types\/cpt_cargoline"}],"wp:attachment":[{"href":"https:\/\/twin.cargoline.de\/john-spedition\/wp-json\/wp\/v2\/media?parent=51858"}],"wp:term":[{"taxonomy":"cpt_cargoline_kategorie","embeddable":true,"href":"https:\/\/twin.cargoline.de\/john-spedition\/wp-json\/wp\/v2\/cpt_cargoline_kategorie?post=51858"}],"curies":[{"name":"wp","href":"https:\/\/api.w.org\/{rel}","templated":true}]}}