{"id":29842,"date":"2022-11-24T10:00:44","date_gmt":"2022-11-24T09:00:44","guid":{"rendered":"https:\/\/twin.cargoline.de\/code-x\/?page_id=29842"},"modified":"2023-12-12T08:49:19","modified_gmt":"2023-12-12T07:49:19","slug":"stellenangebote","status":"publish","type":"page","link":"https:\/\/twin.cargoline.de\/code-x\/stellenangebote\/","title":{"rendered":"Stellenangebote"},"content":{"rendered":"<div class=\"cx_stellenangebote_with_filter_wrapper\">\n                <div id=\"filters\" class=\"button-group\">\n                      <div style=\"width: 100%; display: flex; flex-wrap: wrap; justify-content: center; margin-top: 15px;\">\n                        <h4 style=\"width: 100%; text-align: center;\">nach Ort<\/h4>\n                        <select style=\"width: 50%;\">\n                            <option data-filter=\"*\">Alle Stellenangebote<\/option>\n                            <option value=\"muenchen\" data-filter=\".muenchen\">M\u00fcnchen<\/option><option value=\"paderborn\" data-filter=\".paderborn\">Paderborn<\/option><option value=\"plattling\" data-filter=\".plattling\">Plattling<\/option><option value=\"bremen\" data-filter=\".bremen\">Bremen<\/option><option value=\"hannover\" data-filter=\".hannover\">Hannover<\/option><option value=\"sehnde-ot-hoever\" data-filter=\".sehnde-ot-hoever\">Sehnde \/ OT H\u00f6ver<\/option><option value=\"hamburg\" data-filter=\".hamburg\">Hamburg<\/option><option value=\"itzehoe\" data-filter=\".itzehoe\">Itzehoe<\/option><option value=\"rostock\" data-filter=\".rostock\">Rostock<\/option><option value=\"obertraubling\" data-filter=\".obertraubling\">Obertraubling<\/option><option value=\"altoeting\" data-filter=\".altoeting\">Alt\u00f6ting<\/option>\n                        <\/select>\n                      <\/div>\n                      <div style=\"width: 100%; display: flex; flex-wrap: wrap; justify-content: center; margin-top: 15px;\">\n                        <h4 style=\"width: 100%; text-align: center;\"> nach Bereich<\/h4>\n                        <select style=\"width: 50%;\">\n                            <option class=\"active\" data-filter=\"*\">Alle Stellenangebote<\/option>\n                            <option value=\"marketing\" data-filter=\".marketing\">Marketing<\/option><option value=\"webentwicklung\" data-filter=\".webentwicklung\">Webentwicklung<\/option><option value=\"ausbildung\" data-filter=\".ausbildung\">Ausbildung<\/option><option value=\"disposition\" data-filter=\".disposition\">Disposition<\/option><option value=\"fahrer\" data-filter=\".fahrer\">Fahrer<\/option><option value=\"lager\" data-filter=\".lager\">Lager<\/option><option value=\"palettenbuchhaltung\" data-filter=\".palettenbuchhaltung\">Palettenbuchhaltung<\/option><option value=\"berufskraftfahrer\" data-filter=\".berufskraftfahrer\">Berufskraftfahrer:innen<\/option><option value=\"gewerblich\" data-filter=\".gewerblich\">Gewerblich<\/option><option value=\"kaufmaennisch\" data-filter=\".kaufmaennisch\">Kaufm\u00e4nnisch<\/option><option value=\"charter\" data-filter=\".charter\">Charter<\/option><option value=\"export-land\" data-filter=\".export-land\">Export Land<\/option><option value=\"export\" data-filter=\".export\">Export<\/option><option value=\"karriere\" data-filter=\".karriere\">Karriere<\/option><option value=\"stellenangebote\" data-filter=\".stellenangebote\">Stellenangebote<\/option><option value=\"vertrieb\" data-filter=\".vertrieb\">Vertrieb<\/option><option value=\"beschaffungslogistik\" data-filter=\".beschaffungslogistik\">Beschaffungslogistik<\/option><option value=\"edv\" data-filter=\".edv\">EDV<\/option><option value=\"kraftfahrer\" data-filter=\".kraftfahrer\">Kraftfahrer<\/option><option value=\"lademittel\" data-filter=\".lademittel\">Lademittel<\/option><option value=\"service-international\" data-filter=\".service-international\">Service International<\/option><option value=\"kaufm-sachbearbeitung\" data-filter=\".kaufm-sachbearbeitung\">Kaufm. Sachbearbeitung<\/option><option value=\"abrechnungsabteilung\" data-filter=\".abrechnungsabteilung\">Abrechnungsabteilung<\/option>\n                        <\/select>\n                      <\/div>\n               <\/div>\n                <div class=\"grid_container\"><div class=\"cx_stellenangebote_with_filter_item element-item hamburg service-international \">\n                                    <div class=\"cx_stellenangebote_with_filter_left\">\n                                        <a href=\"https:\/\/sander-logistics.de\/stellenangebot\/mitarbeiter-m-w-d-customer-service-europa\/\"><img loading=\"lazy\" decoding=\"async\" width=\"300\" height=\"120\" src=\"https:\/\/twin.cargoline.de\/code-x\/wp-content\/uploads\/sites\/54\/2023\/01\/Logo_Sander_Log_RGB_gross-test-1-300x120-1-162x65.webp\" class=\"custom-logo\" alt=\"\" itemprop=\"logo\" srcset=\"https:\/\/twin.cargoline.de\/code-x\/wp-content\/uploads\/sites\/54\/2023\/01\/Logo_Sander_Log_RGB_gross-test-1-300x120-1.webp 300w, https:\/\/twin.cargoline.de\/code-x\/wp-content\/uploads\/sites\/54\/2023\/01\/Logo_Sander_Log_RGB_gross-test-1-300x120-1-162x65.webp 162w\" sizes=\"auto, (max-width: 300px) 100vw, 300px\" \/><\/a>\n                                    <\/div>\n                                    <div class=\"cx_stellenangebote_with_filter_right\">\n                                        <h3> Hamburg: Mitarbeiter (m\/w\/d) Customer Service Europa<\/h3>\n                                        <p style=\"margin-bottom: 20px\">Zum n\u00e4chstm\u00f6glichen Zeitpunkt suchen wir f\u00fcr unseren Standort Hamburg Altenwerder: Mitarbeiter (m\/w\/d) Customer Service Europa Sie haben Spa\u00df an neuen Herausforderungen? Sie arbeiten gern im Team? Service ist Ihnen wichtig? [&hellip;]<\/p>\n                                        <p class=\"read-more\"> <a target=\"_blank\" style=\"border-radius: 5px;margin: 5px;color: #fff;background: var(--ast-global-color-8);padding: 20px 25px;text-decoration: none;\" class=\"ast-button\" href=\"https:\/\/sander-logistics.de\/stellenangebot\/mitarbeiter-m-w-d-customer-service-europa\/\"> <span class=\"screen-reader-text\"><\/span> weiterlesen<\/a><\/p>\n                                    <\/div>\n                               <\/div><div class=\"cx_stellenangebote_with_filter_item element-item hamburg disposition \">\n                                    <div class=\"cx_stellenangebote_with_filter_left\">\n                                        <a href=\"https:\/\/bursped.de\/stellenangebot\/disponent-national-m-w-d\/\"><img loading=\"lazy\" decoding=\"async\" width=\"1650\" height=\"1030\" src=\"https:\/\/twin.cargoline.de\/code-x\/wp-content\/uploads\/sites\/57\/2023\/01\/bild-162x101.webp\" class=\"custom-logo\" alt=\"\" itemprop=\"logo\" srcset=\"https:\/\/twin.cargoline.de\/code-x\/wp-content\/uploads\/sites\/57\/2023\/01\/bild.webp 1650w, https:\/\/twin.cargoline.de\/code-x\/wp-content\/uploads\/sites\/57\/2023\/01\/bild-300x187.webp 300w, https:\/\/twin.cargoline.de\/code-x\/wp-content\/uploads\/sites\/57\/2023\/01\/bild-1024x639.webp 1024w, https:\/\/twin.cargoline.de\/code-x\/wp-content\/uploads\/sites\/57\/2023\/01\/bild-768x479.webp 768w, https:\/\/twin.cargoline.de\/code-x\/wp-content\/uploads\/sites\/57\/2023\/01\/bild-1536x959.webp 1536w, https:\/\/twin.cargoline.de\/code-x\/wp-content\/uploads\/sites\/57\/2023\/01\/bild-162x101.webp 162w\" sizes=\"auto, (max-width: 1650px) 100vw, 1650px\" \/><\/a>\n                                    <\/div>\n                                    <div class=\"cx_stellenangebote_with_filter_right\">\n                                        <h3> Hamburg: Disponent National (m\/w\/d)<\/h3>\n                                        <p style=\"margin-bottom: 20px\">Wir verbinden Menschen und M\u00e4rkte Lust auf neue Herausforderungen in einer aufregenden Branche? BurSped geh\u00f6rt in Hamburg zu den gr\u00f6\u00dften St\u00fcckgut-Speditionen. Seit 1948 machen wir Logistik f\u00fcr Menschen. Mit unserem [&hellip;]<\/p>\n                                        <p class=\"read-more\"> <a target=\"_blank\" style=\"border-radius: 5px;margin: 5px;color: #fff;background: var(--ast-global-color-8);padding: 20px 25px;text-decoration: none;\" class=\"ast-button\" href=\"https:\/\/bursped.de\/stellenangebot\/disponent-national-m-w-d\/\"> <span class=\"screen-reader-text\"><\/span> weiterlesen<\/a><\/p>\n                                    <\/div>\n                               <\/div><div class=\"cx_stellenangebote_with_filter_item element-item berufskraftfahrer \">\n                                    <div class=\"cx_stellenangebote_with_filter_left\">\n                                        <a href=\"https:\/\/koch-international.de\/stellenangebot\/berufskraftfahrer-m-w-d\/\"><img loading=\"lazy\" decoding=\"async\" width=\"666\" height=\"375\" src=\"https:\/\/twin.cargoline.de\/code-x\/wp-content\/uploads\/sites\/47\/2023\/02\/KOCH_Logo_Gelb_transparent-removebg-preview-220x124.png\" class=\"custom-logo\" alt=\"Logo Koch International\" itemprop=\"logo\" srcset=\"https:\/\/twin.cargoline.de\/code-x\/wp-content\/uploads\/sites\/47\/2023\/02\/KOCH_Logo_Gelb_transparent-removebg-preview.png 666w, https:\/\/twin.cargoline.de\/code-x\/wp-content\/uploads\/sites\/47\/2023\/02\/KOCH_Logo_Gelb_transparent-removebg-preview-300x169.png 300w, https:\/\/twin.cargoline.de\/code-x\/wp-content\/uploads\/sites\/47\/2023\/02\/KOCH_Logo_Gelb_transparent-removebg-preview-220x124.png 220w\" sizes=\"auto, (max-width: 666px) 100vw, 666px\" \/><\/a>\n                                    <\/div>\n                                    <div class=\"cx_stellenangebote_with_filter_right\">\n                                        <h3> Osnabr\u00fcck: Berufskraftfahrer (m\/w\/d)<\/h3>\n                                        <p style=\"margin-bottom: 20px\">[modal_merken text=&#8220;Wir senden dir einmalig eine E-Mail mit dem von dir gemerkten Job zu. So kannst du jederzeit wieder auf diesen Job zugreifen und dich auch sp\u00e4ter noch bewerben.&#8220;] [modal_bewerben [&hellip;]<\/p>\n                                        <p class=\"read-more\"> <a target=\"_self\" style=\"border-radius: 5px;margin: 5px;color: #fff;background: var(--ast-global-color-8);padding: 20px 25px;text-decoration: none;\" class=\"ast-button\" href=\"https:\/\/koch-international.de\/stellenangebot\/berufskraftfahrer-m-w-d\/\"> <span class=\"screen-reader-text\"><\/span> weiterlesen<\/a><\/p>\n                                    <\/div>\n                               <\/div><div class=\"cx_stellenangebote_with_filter_item element-item gewerblich \">\n                                    <div class=\"cx_stellenangebote_with_filter_left\">\n                                        <a href=\"https:\/\/koch-international.de\/stellenangebot\/gabelstaplerfahrer-m-w-d-2\/\"><img loading=\"lazy\" decoding=\"async\" width=\"666\" height=\"375\" src=\"https:\/\/twin.cargoline.de\/code-x\/wp-content\/uploads\/sites\/47\/2023\/02\/KOCH_Logo_Gelb_transparent-removebg-preview-220x124.png\" class=\"custom-logo\" alt=\"Logo Koch International\" itemprop=\"logo\" srcset=\"https:\/\/twin.cargoline.de\/code-x\/wp-content\/uploads\/sites\/47\/2023\/02\/KOCH_Logo_Gelb_transparent-removebg-preview.png 666w, https:\/\/twin.cargoline.de\/code-x\/wp-content\/uploads\/sites\/47\/2023\/02\/KOCH_Logo_Gelb_transparent-removebg-preview-300x169.png 300w, https:\/\/twin.cargoline.de\/code-x\/wp-content\/uploads\/sites\/47\/2023\/02\/KOCH_Logo_Gelb_transparent-removebg-preview-220x124.png 220w\" sizes=\"auto, (max-width: 666px) 100vw, 666px\" \/><\/a>\n                                    <\/div>\n                                    <div class=\"cx_stellenangebote_with_filter_right\">\n                                        <h3> Osnabr\u00fcck: Gabelstaplerfahrer (m\/w\/d)<\/h3>\n                                        <p style=\"margin-bottom: 20px\">[modal_merken text=&#8220;Wir senden dir einmalig eine E-Mail mit dem von dir gemerkten Job zu. So kannst du jederzeit wieder auf diesen Job zugreifen und dich auch sp\u00e4ter noch bewerben.&#8220;] [modal_bewerben [&hellip;]<\/p>\n                                        <p class=\"read-more\"> <a target=\"_self\" style=\"border-radius: 5px;margin: 5px;color: #fff;background: var(--ast-global-color-8);padding: 20px 25px;text-decoration: none;\" class=\"ast-button\" href=\"https:\/\/koch-international.de\/stellenangebot\/gabelstaplerfahrer-m-w-d-2\/\"> <span class=\"screen-reader-text\"><\/span> weiterlesen<\/a><\/p>\n                                    <\/div>\n                               <\/div><div class=\"cx_stellenangebote_with_filter_item element-item hamburg ausbildung \">\n                                    <div class=\"cx_stellenangebote_with_filter_left\">\n                                        <a href=\"https:\/\/bursped.de\/stellenangebot\/berufsausbildung-berufskraftfahrer\/\"><img loading=\"lazy\" decoding=\"async\" width=\"1650\" height=\"1030\" src=\"https:\/\/twin.cargoline.de\/code-x\/wp-content\/uploads\/sites\/57\/2023\/01\/bild-162x101.webp\" class=\"custom-logo\" alt=\"\" itemprop=\"logo\" srcset=\"https:\/\/twin.cargoline.de\/code-x\/wp-content\/uploads\/sites\/57\/2023\/01\/bild.webp 1650w, https:\/\/twin.cargoline.de\/code-x\/wp-content\/uploads\/sites\/57\/2023\/01\/bild-300x187.webp 300w, https:\/\/twin.cargoline.de\/code-x\/wp-content\/uploads\/sites\/57\/2023\/01\/bild-1024x639.webp 1024w, https:\/\/twin.cargoline.de\/code-x\/wp-content\/uploads\/sites\/57\/2023\/01\/bild-768x479.webp 768w, https:\/\/twin.cargoline.de\/code-x\/wp-content\/uploads\/sites\/57\/2023\/01\/bild-1536x959.webp 1536w, https:\/\/twin.cargoline.de\/code-x\/wp-content\/uploads\/sites\/57\/2023\/01\/bild-162x101.webp 162w\" sizes=\"auto, (max-width: 1650px) 100vw, 1650px\" \/><\/a>\n                                    <\/div>\n                                    <div class=\"cx_stellenangebote_with_filter_right\">\n                                        <h3> Hamburg: Berufsausbildung: Berufskraftfahrer (m\/w\/d)<\/h3>\n                                        <p style=\"margin-bottom: 20px\">Berufsausbildung: Berufskraftfahrer (m\/w\/d) Wir verbinden Menschen und M\u00e4rkte Lust auf einen Ausbildungsplatz in einer aufregenden, abwechslungsreichen und zukunftssicheren Branche? BurSped ist ein f\u00fchrendes mittelst\u00e4ndisches Familienunternehmen. Seit 1948 machen wir Logistik [&hellip;]<\/p>\n                                        <p class=\"read-more\"> <a target=\"_blank\" style=\"border-radius: 5px;margin: 5px;color: #fff;background: var(--ast-global-color-8);padding: 20px 25px;text-decoration: none;\" class=\"ast-button\" href=\"https:\/\/bursped.de\/stellenangebot\/berufsausbildung-berufskraftfahrer\/\"> <span class=\"screen-reader-text\"><\/span> weiterlesen<\/a><\/p>\n                                    <\/div>\n                               <\/div><div class=\"cx_stellenangebote_with_filter_item element-item ausbildung \">\n                                    <div class=\"cx_stellenangebote_with_filter_left\">\n                                        <a href=\"https:\/\/koch-international.de\/stellenangebot\/praktikum\/\"><img loading=\"lazy\" decoding=\"async\" width=\"666\" height=\"375\" src=\"https:\/\/twin.cargoline.de\/code-x\/wp-content\/uploads\/sites\/47\/2023\/02\/KOCH_Logo_Gelb_transparent-removebg-preview-220x124.png\" class=\"custom-logo\" alt=\"Logo Koch International\" itemprop=\"logo\" srcset=\"https:\/\/twin.cargoline.de\/code-x\/wp-content\/uploads\/sites\/47\/2023\/02\/KOCH_Logo_Gelb_transparent-removebg-preview.png 666w, https:\/\/twin.cargoline.de\/code-x\/wp-content\/uploads\/sites\/47\/2023\/02\/KOCH_Logo_Gelb_transparent-removebg-preview-300x169.png 300w, https:\/\/twin.cargoline.de\/code-x\/wp-content\/uploads\/sites\/47\/2023\/02\/KOCH_Logo_Gelb_transparent-removebg-preview-220x124.png 220w\" sizes=\"auto, (max-width: 666px) 100vw, 666px\" \/><\/a>\n                                    <\/div>\n                                    <div class=\"cx_stellenangebote_with_filter_right\">\n                                        <h3> Praktikum<\/h3>\n                                        <p style=\"margin-bottom: 20px\">[modal_merken text=&#8220;Wir senden dir einmalig eine E-Mail mit dem von dir gemerkten Job zu. So kannst du jederzeit wieder auf diesen Job zugreifen und dich auch sp\u00e4ter noch bewerben.&#8220;] [modal_bewerben [&hellip;]<\/p>\n                                        <p class=\"read-more\"> <a target=\"_self\" style=\"border-radius: 5px;margin: 5px;color: #fff;background: var(--ast-global-color-8);padding: 20px 25px;text-decoration: none;\" class=\"ast-button\" href=\"https:\/\/koch-international.de\/stellenangebot\/praktikum\/\"> <span class=\"screen-reader-text\"><\/span> weiterlesen<\/a><\/p>\n                                    <\/div>\n                               <\/div><div class=\"cx_stellenangebote_with_filter_item element-item hamburg kaufm-sachbearbeitung \">\n                                    <div class=\"cx_stellenangebote_with_filter_left\">\n                                        <a href=\"https:\/\/bursped.de\/stellenangebot\/sachbearbeiter-spaetabfertigung-m-w-d\/\"><img loading=\"lazy\" decoding=\"async\" width=\"1650\" height=\"1030\" src=\"https:\/\/twin.cargoline.de\/code-x\/wp-content\/uploads\/sites\/57\/2023\/01\/bild-162x101.webp\" class=\"custom-logo\" alt=\"\" itemprop=\"logo\" srcset=\"https:\/\/twin.cargoline.de\/code-x\/wp-content\/uploads\/sites\/57\/2023\/01\/bild.webp 1650w, https:\/\/twin.cargoline.de\/code-x\/wp-content\/uploads\/sites\/57\/2023\/01\/bild-300x187.webp 300w, https:\/\/twin.cargoline.de\/code-x\/wp-content\/uploads\/sites\/57\/2023\/01\/bild-1024x639.webp 1024w, https:\/\/twin.cargoline.de\/code-x\/wp-content\/uploads\/sites\/57\/2023\/01\/bild-768x479.webp 768w, https:\/\/twin.cargoline.de\/code-x\/wp-content\/uploads\/sites\/57\/2023\/01\/bild-1536x959.webp 1536w, https:\/\/twin.cargoline.de\/code-x\/wp-content\/uploads\/sites\/57\/2023\/01\/bild-162x101.webp 162w\" sizes=\"auto, (max-width: 1650px) 100vw, 1650px\" \/><\/a>\n                                    <\/div>\n                                    <div class=\"cx_stellenangebote_with_filter_right\">\n                                        <h3> Hamburg: Sachbearbeiter Sp\u00e4tabfertigung (m\/w\/d)<\/h3>\n                                        <p style=\"margin-bottom: 20px\">Wir verbinden Menschen und M\u00e4rkte Lust auf neue Herausforderungen in einer aufregenden Branche? BurSped geh\u00f6rt in Hamburg zu den gr\u00f6\u00dften St\u00fcckgut-Speditionen. Seit 1948 machen wir Logistik f\u00fcr Menschen. Mit unserem [&hellip;]<\/p>\n                                        <p class=\"read-more\"> <a target=\"_blank\" style=\"border-radius: 5px;margin: 5px;color: #fff;background: var(--ast-global-color-8);padding: 20px 25px;text-decoration: none;\" class=\"ast-button\" href=\"https:\/\/bursped.de\/stellenangebot\/sachbearbeiter-spaetabfertigung-m-w-d\/\"> <span class=\"screen-reader-text\"><\/span> weiterlesen<\/a><\/p>\n                                    <\/div>\n                               <\/div><div class=\"cx_stellenangebote_with_filter_item element-item ausbildung \">\n                                    <div class=\"cx_stellenangebote_with_filter_left\">\n                                        <a href=\"https:\/\/koch-international.de\/stellenangebot\/ausbildung-zum-berufskraftfahrer-m-w-d\/\"><img loading=\"lazy\" decoding=\"async\" width=\"666\" height=\"375\" src=\"https:\/\/twin.cargoline.de\/code-x\/wp-content\/uploads\/sites\/47\/2023\/02\/KOCH_Logo_Gelb_transparent-removebg-preview-220x124.png\" class=\"custom-logo\" alt=\"Logo Koch International\" itemprop=\"logo\" srcset=\"https:\/\/twin.cargoline.de\/code-x\/wp-content\/uploads\/sites\/47\/2023\/02\/KOCH_Logo_Gelb_transparent-removebg-preview.png 666w, https:\/\/twin.cargoline.de\/code-x\/wp-content\/uploads\/sites\/47\/2023\/02\/KOCH_Logo_Gelb_transparent-removebg-preview-300x169.png 300w, https:\/\/twin.cargoline.de\/code-x\/wp-content\/uploads\/sites\/47\/2023\/02\/KOCH_Logo_Gelb_transparent-removebg-preview-220x124.png 220w\" sizes=\"auto, (max-width: 666px) 100vw, 666px\" \/><\/a>\n                                    <\/div>\n                                    <div class=\"cx_stellenangebote_with_filter_right\">\n                                        <h3> Osnabr\u00fcck: Ausbildung zum Berufskraftfahrer (m\/w\/d)<\/h3>\n                                        <p style=\"margin-bottom: 20px\">[modal_merken text=&#8220;Wir senden dir einmalig eine E-Mail mit dem von dir gemerkten Job zu. So kannst du jederzeit wieder auf diesen Job zugreifen und dich auch sp\u00e4ter noch bewerben.&#8220;] [modal_bewerben [&hellip;]<\/p>\n                                        <p class=\"read-more\"> <a target=\"_self\" style=\"border-radius: 5px;margin: 5px;color: #fff;background: var(--ast-global-color-8);padding: 20px 25px;text-decoration: none;\" class=\"ast-button\" href=\"https:\/\/koch-international.de\/stellenangebot\/ausbildung-zum-berufskraftfahrer-m-w-d\/\"> <span class=\"screen-reader-text\"><\/span> weiterlesen<\/a><\/p>\n                                    <\/div>\n                               <\/div><div class=\"cx_stellenangebote_with_filter_item element-item hamburg lademittel \">\n                                    <div class=\"cx_stellenangebote_with_filter_left\">\n                                        <a href=\"https:\/\/sander-logistics.de\/stellenangebot\/mitarbeiter-m-w-d-in-der-lademittelabteilung-belog\/\"><img loading=\"lazy\" decoding=\"async\" width=\"300\" height=\"120\" src=\"https:\/\/twin.cargoline.de\/code-x\/wp-content\/uploads\/sites\/54\/2023\/01\/Logo_Sander_Log_RGB_gross-test-1-300x120-1-162x65.webp\" class=\"custom-logo\" alt=\"\" itemprop=\"logo\" srcset=\"https:\/\/twin.cargoline.de\/code-x\/wp-content\/uploads\/sites\/54\/2023\/01\/Logo_Sander_Log_RGB_gross-test-1-300x120-1.webp 300w, https:\/\/twin.cargoline.de\/code-x\/wp-content\/uploads\/sites\/54\/2023\/01\/Logo_Sander_Log_RGB_gross-test-1-300x120-1-162x65.webp 162w\" sizes=\"auto, (max-width: 300px) 100vw, 300px\" \/><\/a>\n                                    <\/div>\n                                    <div class=\"cx_stellenangebote_with_filter_right\">\n                                        <h3> Hamburg: Mitarbeiter (m\/w\/d) in der Lademittelabteilung BELOG<\/h3>\n                                        <p style=\"margin-bottom: 20px\">Zum n\u00e4chstm\u00f6glichen Zeitpunkt suchen wir f\u00fcr unseren Standort Hamburg Finkenwerder: Kaufm\u00e4nnischen Mitarbeiter (m\/w\/d) in der Lademittelabteilung BELOG Sie haben Spa\u00df an neuen Herausforderungen? Sie arbeiten gern im Team? Service ist [&hellip;]<\/p>\n                                        <p class=\"read-more\"> <a target=\"_blank\" style=\"border-radius: 5px;margin: 5px;color: #fff;background: var(--ast-global-color-8);padding: 20px 25px;text-decoration: none;\" class=\"ast-button\" href=\"https:\/\/sander-logistics.de\/stellenangebot\/mitarbeiter-m-w-d-in-der-lademittelabteilung-belog\/\"> <span class=\"screen-reader-text\"><\/span> weiterlesen<\/a><\/p>\n                                    <\/div>\n                               <\/div><div class=\"cx_stellenangebote_with_filter_item element-item hamburg kaufm-sachbearbeitung \">\n                                    <div class=\"cx_stellenangebote_with_filter_left\">\n                                        <a href=\"https:\/\/bursped.de\/stellenangebot\/mitarbeiter-rueckkehrermanagement-fahrerabfertigung-m-w-d\/\"><img loading=\"lazy\" decoding=\"async\" width=\"1650\" height=\"1030\" src=\"https:\/\/twin.cargoline.de\/code-x\/wp-content\/uploads\/sites\/57\/2023\/01\/bild-162x101.webp\" class=\"custom-logo\" alt=\"\" itemprop=\"logo\" srcset=\"https:\/\/twin.cargoline.de\/code-x\/wp-content\/uploads\/sites\/57\/2023\/01\/bild.webp 1650w, https:\/\/twin.cargoline.de\/code-x\/wp-content\/uploads\/sites\/57\/2023\/01\/bild-300x187.webp 300w, https:\/\/twin.cargoline.de\/code-x\/wp-content\/uploads\/sites\/57\/2023\/01\/bild-1024x639.webp 1024w, https:\/\/twin.cargoline.de\/code-x\/wp-content\/uploads\/sites\/57\/2023\/01\/bild-768x479.webp 768w, https:\/\/twin.cargoline.de\/code-x\/wp-content\/uploads\/sites\/57\/2023\/01\/bild-1536x959.webp 1536w, https:\/\/twin.cargoline.de\/code-x\/wp-content\/uploads\/sites\/57\/2023\/01\/bild-162x101.webp 162w\" sizes=\"auto, (max-width: 1650px) 100vw, 1650px\" \/><\/a>\n                                    <\/div>\n                                    <div class=\"cx_stellenangebote_with_filter_right\">\n                                        <h3> Hamburg: Mitarbeiter R\u00fcckkehrermanagement \/ Fahrerabfertigung (m\/w\/d)<\/h3>\n                                        <p style=\"margin-bottom: 20px\">Wir verbinden Menschen und M\u00e4rkte Lust auf neue Herausforderungen in einer aufregenden Branche? BurSped geh\u00f6rt in Hamburg zu den gr\u00f6\u00dften St\u00fcckgut-Speditionen. Seit 1948 machen wir Logistik f\u00fcr Menschen. Mit unserem [&hellip;]<\/p>\n                                        <p class=\"read-more\"> <a target=\"_blank\" style=\"border-radius: 5px;margin: 5px;color: #fff;background: var(--ast-global-color-8);padding: 20px 25px;text-decoration: none;\" class=\"ast-button\" href=\"https:\/\/bursped.de\/stellenangebot\/mitarbeiter-rueckkehrermanagement-fahrerabfertigung-m-w-d\/\"> <span class=\"screen-reader-text\"><\/span> weiterlesen<\/a><\/p>\n                                    <\/div>\n                               <\/div><div class=\"cx_stellenangebote_with_filter_item element-item hannover sehnde-ot-hoever gewerblich karriere lager stellenangebote \">\n                                    <div class=\"cx_stellenangebote_with_filter_left\">\n                                        <a href=\"https:\/\/koester-hapke-sped.com\/stellenangebot\/lagerarbeiter-m-w-d\/\"><img loading=\"lazy\" decoding=\"async\" width=\"2560\" height=\"665\" src=\"https:\/\/twin.cargoline.de\/code-x\/wp-content\/uploads\/sites\/53\/2025\/07\/KH-Logo-scaled-250x65.webp\" class=\"custom-logo\" alt=\"\" itemprop=\"logo\" srcset=\"https:\/\/twin.cargoline.de\/code-x\/wp-content\/uploads\/sites\/53\/2025\/07\/KH-Logo-scaled.webp 2560w, https:\/\/twin.cargoline.de\/code-x\/wp-content\/uploads\/sites\/53\/2025\/07\/KH-Logo-scaled-300x78.webp 300w, https:\/\/twin.cargoline.de\/code-x\/wp-content\/uploads\/sites\/53\/2025\/07\/KH-Logo-scaled-1024x266.webp 1024w, https:\/\/twin.cargoline.de\/code-x\/wp-content\/uploads\/sites\/53\/2025\/07\/KH-Logo-scaled-768x200.webp 768w, https:\/\/twin.cargoline.de\/code-x\/wp-content\/uploads\/sites\/53\/2025\/07\/KH-Logo-scaled-1536x399.webp 1536w, https:\/\/twin.cargoline.de\/code-x\/wp-content\/uploads\/sites\/53\/2025\/07\/KH-Logo-scaled-2048x532.webp 2048w, https:\/\/twin.cargoline.de\/code-x\/wp-content\/uploads\/sites\/53\/2025\/07\/KH-Logo-scaled-250x65.webp 250w\" sizes=\"auto, (max-width: 2560px) 100vw, 2560px\" \/><\/a>\n                                    <\/div>\n                                    <div class=\"cx_stellenangebote_with_filter_right\">\n                                        <h3> Hannover, Sehnde \/ OT H\u00f6ver: Lagerarbeiter (m\/w\/d)<\/h3>\n                                        <p style=\"margin-bottom: 20px\">K\u00f6ster &amp; Hapke &#8211; Wir verbinden Menschen und M\u00e4rkte Lust auf neue Herausforderungen in einer aufregenden Branche? K\u00f6ster &amp; Hapke ist ein mittelst\u00e4ndisches Familienunternehmen. Seit 1854 machen wir Logistik f\u00fcr [&hellip;]<\/p>\n                                        <p class=\"read-more\"> <a target=\"_blank\" style=\"border-radius: 5px;margin: 5px;color: #fff;background: var(--ast-global-color-8);padding: 20px 25px;text-decoration: none;\" class=\"ast-button\" href=\"https:\/\/koester-hapke-sped.com\/stellenangebot\/lagerarbeiter-m-w-d\/\"> <span class=\"screen-reader-text\"><\/span> weiterlesen<\/a><\/p>\n                                    <\/div>\n                               <\/div><div class=\"cx_stellenangebote_with_filter_item element-item plattling fahrer \">\n                                    <div class=\"cx_stellenangebote_with_filter_left\">\n                                        <a href=\"https:\/\/grassl.de\/stellenangebot\/berufskraftfahrer-fs-klasse-ce-fuer-spedition-im-stueckgut-m-w-d\/\"><img decoding=\"async\" class=\"custom-logo\" src=\"https:\/\/www.cargoline.de\/wp-content\/themes\/astra-child\/widgets\/img\/grassl_logo_weiss_auf_orange.png\"><\/a>\n                                    <\/div>\n                                    <div class=\"cx_stellenangebote_with_filter_right\">\n                                        <h3> Plattling: Berufskraftfahrer FS-Klasse CE f\u00fcr Spedition im St\u00fcckgut (m\/w\/d)<\/h3>\n                                        <p style=\"margin-bottom: 20px\">Aufgrund unserem stetigen Unternehmenswachstum verst\u00e4rken wir unser motiviertes Team f\u00fcr unseren Standort in Plattling und suchen ab sofort: Berufskraftfahrer FS-Klasse CE f\u00fcr Spedition im St\u00fcckgut(m\/w\/d) AUFGABENBEREICH UNSER ANGEBOT GRA\u00dfL LOGISTIK [&hellip;]<\/p>\n                                        <p class=\"read-more\"> <a target=\"_blank\" style=\"border-radius: 5px;margin: 5px;color: #fff;background: var(--ast-global-color-8);padding: 20px 25px;text-decoration: none;\" class=\"ast-button\" href=\"https:\/\/grassl.de\/stellenangebot\/berufskraftfahrer-fs-klasse-ce-fuer-spedition-im-stueckgut-m-w-d\/\"> <span class=\"screen-reader-text\"><\/span> weiterlesen<\/a><\/p>\n                                    <\/div>\n                               <\/div><div class=\"cx_stellenangebote_with_filter_item element-item itzehoe rostock kraftfahrer \">\n                                    <div class=\"cx_stellenangebote_with_filter_left\">\n                                        <a href=\"https:\/\/sander-logistics.de\/stellenangebot\/kraftfahrer-im-nahverkehr-m-w-d\/\"><img loading=\"lazy\" decoding=\"async\" width=\"300\" height=\"120\" src=\"https:\/\/twin.cargoline.de\/code-x\/wp-content\/uploads\/sites\/54\/2023\/01\/Logo_Sander_Log_RGB_gross-test-1-300x120-1-162x65.webp\" class=\"custom-logo\" alt=\"\" itemprop=\"logo\" srcset=\"https:\/\/twin.cargoline.de\/code-x\/wp-content\/uploads\/sites\/54\/2023\/01\/Logo_Sander_Log_RGB_gross-test-1-300x120-1.webp 300w, https:\/\/twin.cargoline.de\/code-x\/wp-content\/uploads\/sites\/54\/2023\/01\/Logo_Sander_Log_RGB_gross-test-1-300x120-1-162x65.webp 162w\" sizes=\"auto, (max-width: 300px) 100vw, 300px\" \/><\/a>\n                                    <\/div>\n                                    <div class=\"cx_stellenangebote_with_filter_right\">\n                                        <h3> Rostock: Kraftfahrer (m\/w\/d) im Nahverkehr<\/h3>\n                                        <p style=\"margin-bottom: 20px\">Zum n\u00e4chstm\u00f6glichen Zeitpunkt suchen wir f\u00fcr unsere Standorte Itzehoe und Rostock: Zuverl\u00e4ssigen Kraftfahrer Nahverkehr (m\/w\/d) Sie sind Kraftfahrer aus Leidenschaft und auf der Suche nach einer neuen Herausforderung? Dann sind [&hellip;]<\/p>\n                                        <p class=\"read-more\"> <a target=\"_blank\" style=\"border-radius: 5px;margin: 5px;color: #fff;background: var(--ast-global-color-8);padding: 20px 25px;text-decoration: none;\" class=\"ast-button\" href=\"https:\/\/sander-logistics.de\/stellenangebot\/kraftfahrer-im-nahverkehr-m-w-d\/\"> <span class=\"screen-reader-text\"><\/span> weiterlesen<\/a><\/p>\n                                    <\/div>\n                               <\/div><div class=\"cx_stellenangebote_with_filter_item element-item kaufmaennisch \">\n                                    <div class=\"cx_stellenangebote_with_filter_left\">\n                                        <a href=\"https:\/\/koch-international.de\/stellenangebot\/initiativbewerbung-m-w-d\/\"><img loading=\"lazy\" decoding=\"async\" width=\"666\" height=\"375\" src=\"https:\/\/twin.cargoline.de\/code-x\/wp-content\/uploads\/sites\/47\/2023\/02\/KOCH_Logo_Gelb_transparent-removebg-preview-220x124.png\" class=\"custom-logo\" alt=\"Logo Koch International\" itemprop=\"logo\" srcset=\"https:\/\/twin.cargoline.de\/code-x\/wp-content\/uploads\/sites\/47\/2023\/02\/KOCH_Logo_Gelb_transparent-removebg-preview.png 666w, https:\/\/twin.cargoline.de\/code-x\/wp-content\/uploads\/sites\/47\/2023\/02\/KOCH_Logo_Gelb_transparent-removebg-preview-300x169.png 300w, https:\/\/twin.cargoline.de\/code-x\/wp-content\/uploads\/sites\/47\/2023\/02\/KOCH_Logo_Gelb_transparent-removebg-preview-220x124.png 220w\" sizes=\"auto, (max-width: 666px) 100vw, 666px\" \/><\/a>\n                                    <\/div>\n                                    <div class=\"cx_stellenangebote_with_filter_right\">\n                                        <h3> Osnabr\u00fcck: Initiativbewerbung (m\/w\/d)<\/h3>\n                                        <p style=\"margin-bottom: 20px\">[modal_merken text=&#8220;Wir senden dir einmalig eine E-Mail mit dem von dir gemerkten Job zu. So kannst du jederzeit wieder auf diesen Job zugreifen und dich auch sp\u00e4ter noch bewerben.&#8220;] [modal_bewerben [&hellip;]<\/p>\n                                        <p class=\"read-more\"> <a target=\"_self\" style=\"border-radius: 5px;margin: 5px;color: #fff;background: var(--ast-global-color-8);padding: 20px 25px;text-decoration: none;\" class=\"ast-button\" href=\"https:\/\/koch-international.de\/stellenangebot\/initiativbewerbung-m-w-d\/\"> <span class=\"screen-reader-text\"><\/span> weiterlesen<\/a><\/p>\n                                    <\/div>\n                               <\/div><div class=\"cx_stellenangebote_with_filter_item element-item \">\n                                    <div class=\"cx_stellenangebote_with_filter_left\">\n                                        <a href=\"https:\/\/hinterberger-logistik.de\/stellenangebot\/it-mitarbeiter-m-w-d\/\"><img loading=\"lazy\" decoding=\"async\" width=\"369\" height=\"95\" src=\"https:\/\/twin.cargoline.de\/code-x\/wp-content\/uploads\/sites\/60\/2023\/01\/cropped-hinterberg-1-162x42.webp\" class=\"custom-logo\" alt=\"\" itemprop=\"logo\" srcset=\"https:\/\/twin.cargoline.de\/code-x\/wp-content\/uploads\/sites\/60\/2023\/01\/cropped-hinterberg-1.webp 369w, https:\/\/twin.cargoline.de\/code-x\/wp-content\/uploads\/sites\/60\/2023\/01\/cropped-hinterberg-1-300x77.webp 300w, https:\/\/twin.cargoline.de\/code-x\/wp-content\/uploads\/sites\/60\/2023\/01\/cropped-hinterberg-1-162x42.webp 162w\" sizes=\"auto, (max-width: 369px) 100vw, 369px\" \/><\/a>\n                                    <\/div>\n                                    <div class=\"cx_stellenangebote_with_filter_right\">\n                                        <h3> Alt\u00f6tting: IT Mitarbeiter m-w-d<\/h3>\n                                        <p style=\"margin-bottom: 20px\">Wir suchen eine\/n Mitarbeiter*in&nbsp;zur Unterstr\u00fctzung unserer IT ! (m\/w\/d)&#8211; gerne auch Quereinsteiger &#8211; Du bist motiviert, verantwortungsbewusst und arbeitest gerne im Team?Du bist kontaktfreudig und arbeitest auch gerne eigenst\u00e4ndig? Dann [&hellip;]<\/p>\n                                        <p class=\"read-more\"> <a target=\"_blank\" style=\"border-radius: 5px;margin: 5px;color: #fff;background: var(--ast-global-color-8);padding: 20px 25px;text-decoration: none;\" class=\"ast-button\" href=\"https:\/\/hinterberger-logistik.de\/stellenangebot\/it-mitarbeiter-m-w-d\/\"> <span class=\"screen-reader-text\"><\/span> weiterlesen<\/a><\/p>\n                                    <\/div>\n                               <\/div><div class=\"cx_stellenangebote_with_filter_item element-item hamburg itzehoe rostock ausbildung \">\n                                    <div class=\"cx_stellenangebote_with_filter_left\">\n                                        <a href=\"https:\/\/sander-logistics.de\/stellenangebot\/starten-sie-bei-uns-ihre-ausbildung\/\"><img loading=\"lazy\" decoding=\"async\" width=\"300\" height=\"120\" src=\"https:\/\/twin.cargoline.de\/code-x\/wp-content\/uploads\/sites\/54\/2023\/01\/Logo_Sander_Log_RGB_gross-test-1-300x120-1-162x65.webp\" class=\"custom-logo\" alt=\"\" itemprop=\"logo\" srcset=\"https:\/\/twin.cargoline.de\/code-x\/wp-content\/uploads\/sites\/54\/2023\/01\/Logo_Sander_Log_RGB_gross-test-1-300x120-1.webp 300w, https:\/\/twin.cargoline.de\/code-x\/wp-content\/uploads\/sites\/54\/2023\/01\/Logo_Sander_Log_RGB_gross-test-1-300x120-1-162x65.webp 162w\" sizes=\"auto, (max-width: 300px) 100vw, 300px\" \/><\/a>\n                                    <\/div>\n                                    <div class=\"cx_stellenangebote_with_filter_right\">\n                                        <h3> Rostock: Starten Sie bei uns Ihre Ausbildung!<\/h3>\n                                        <p style=\"margin-bottom: 20px\">Die Ausbildung junger Menschen ist f\u00fcr uns wichtiger Bestandteil der auf Nachhaltigkeit ausgerichteten Firmenphilosophie. Als mittelst\u00e4ndischer Betrieb bilden wir an allen Standorten aus. Zum August 2026 sind noch Ausbildungspl\u00e4tze frei. [&hellip;]<\/p>\n                                        <p class=\"read-more\"> <a target=\"_blank\" style=\"border-radius: 5px;margin: 5px;color: #fff;background: var(--ast-global-color-8);padding: 20px 25px;text-decoration: none;\" class=\"ast-button\" href=\"https:\/\/sander-logistics.de\/stellenangebot\/starten-sie-bei-uns-ihre-ausbildung\/\"> <span class=\"screen-reader-text\"><\/span> weiterlesen<\/a><\/p>\n                                    <\/div>\n                               <\/div><div class=\"cx_stellenangebote_with_filter_item element-item paderborn webentwicklung \">\n                                    <div class=\"cx_stellenangebote_with_filter_left\">\n                                        <a href=\"https:\/\/twin.cargoline.de\/john-spedition\/stellenangebot\/php-webentwickler-m-w-d-in-paderborn-gesucht\/\"><img loading=\"lazy\" decoding=\"async\" width=\"1181\" height=\"709\" src=\"https:\/\/twin.cargoline.de\/code-x\/wp-content\/uploads\/sites\/67\/2025\/11\/Logo_John_Zusatz-150x90.webp\" class=\"custom-logo\" alt=\"John Logo\" itemprop=\"logo\" srcset=\"https:\/\/twin.cargoline.de\/code-x\/wp-content\/uploads\/sites\/67\/2025\/11\/Logo_John_Zusatz.webp 1181w, https:\/\/twin.cargoline.de\/code-x\/wp-content\/uploads\/sites\/67\/2025\/11\/Logo_John_Zusatz-300x180.webp 300w, https:\/\/twin.cargoline.de\/code-x\/wp-content\/uploads\/sites\/67\/2025\/11\/Logo_John_Zusatz-1024x615.webp 1024w, https:\/\/twin.cargoline.de\/code-x\/wp-content\/uploads\/sites\/67\/2025\/11\/Logo_John_Zusatz-768x461.webp 768w, https:\/\/twin.cargoline.de\/code-x\/wp-content\/uploads\/sites\/67\/2025\/11\/Logo_John_Zusatz-150x90.webp 150w\" sizes=\"auto, (max-width: 1181px) 100vw, 1181px\" \/><\/a>\n                                    <\/div>\n                                    <div class=\"cx_stellenangebote_with_filter_right\">\n                                        <h3> Paderborn: PHP Webentwickler (m\/w\/d) in Paderborn gesucht<\/h3>\n                                        <p style=\"margin-bottom: 20px\">Das mu\u00dft Du k\u00f6nnen Das bieten wir Dir Bewirb Dich bei uns<\/p>\n                                        <p class=\"read-more\"> <a target=\"_blank\" style=\"border-radius: 5px;margin: 5px;color: #fff;background: var(--ast-global-color-8);padding: 20px 25px;text-decoration: none;\" class=\"ast-button\" href=\"https:\/\/twin.cargoline.de\/john-spedition\/stellenangebot\/php-webentwickler-m-w-d-in-paderborn-gesucht\/\"> <span class=\"screen-reader-text\"><\/span> weiterlesen<\/a><\/p>\n                                    <\/div>\n                               <\/div><div class=\"cx_stellenangebote_with_filter_item element-item hamburg beschaffungslogistik \">\n                                    <div class=\"cx_stellenangebote_with_filter_left\">\n                                        <a href=\"https:\/\/sander-logistics.de\/stellenangebot\/mitarbeiter-m-w-d-in-der-lager-und-kontraktlogistikg\/\"><img loading=\"lazy\" decoding=\"async\" width=\"300\" height=\"120\" src=\"https:\/\/twin.cargoline.de\/code-x\/wp-content\/uploads\/sites\/54\/2023\/01\/Logo_Sander_Log_RGB_gross-test-1-300x120-1-162x65.webp\" class=\"custom-logo\" alt=\"\" itemprop=\"logo\" srcset=\"https:\/\/twin.cargoline.de\/code-x\/wp-content\/uploads\/sites\/54\/2023\/01\/Logo_Sander_Log_RGB_gross-test-1-300x120-1.webp 300w, https:\/\/twin.cargoline.de\/code-x\/wp-content\/uploads\/sites\/54\/2023\/01\/Logo_Sander_Log_RGB_gross-test-1-300x120-1-162x65.webp 162w\" sizes=\"auto, (max-width: 300px) 100vw, 300px\" \/><\/a>\n                                    <\/div>\n                                    <div class=\"cx_stellenangebote_with_filter_right\">\n                                        <h3> Hamburg: Mitarbeiter (m\/w\/d) in der Lager- und Kontraktlogistik<\/h3>\n                                        <p style=\"margin-bottom: 20px\">Zum n\u00e4chstm\u00f6glichen Zeitpunkt suchen wir f\u00fcr unseren Standort Hamburg Altenwerder: Mitarbeiter (m\/w\/d) in der Lager- und Kontraktlogistik Sie haben Spa\u00df an neuen Herausforderungen? Sie arbeiten gern im Team? Eigenverantwortliches Arbeiten [&hellip;]<\/p>\n                                        <p class=\"read-more\"> <a target=\"_blank\" style=\"border-radius: 5px;margin: 5px;color: #fff;background: var(--ast-global-color-8);padding: 20px 25px;text-decoration: none;\" class=\"ast-button\" href=\"https:\/\/sander-logistics.de\/stellenangebot\/mitarbeiter-m-w-d-in-der-lager-und-kontraktlogistikg\/\"> <span class=\"screen-reader-text\"><\/span> weiterlesen<\/a><\/p>\n                                    <\/div>\n                               <\/div><div class=\"cx_stellenangebote_with_filter_item element-item \">\n                                    <div class=\"cx_stellenangebote_with_filter_left\">\n                                        <a href=\"https:\/\/btg-feldberg.de\/stellenangebot\/bilanzbuchhalter-m-w-d-vollzeit\/\"><img loading=\"lazy\" decoding=\"async\" width=\"1957\" height=\"578\" src=\"https:\/\/twin.cargoline.de\/code-x\/wp-content\/uploads\/sites\/46\/2024\/02\/cropped-cropped-cropped-Logo_BTG_original-307x91.png\" class=\"custom-logo\" alt=\"BTG Logo\" itemprop=\"logo\" srcset=\"https:\/\/twin.cargoline.de\/code-x\/wp-content\/uploads\/sites\/46\/2024\/02\/cropped-cropped-cropped-Logo_BTG_original.png 1957w, https:\/\/twin.cargoline.de\/code-x\/wp-content\/uploads\/sites\/46\/2024\/02\/cropped-cropped-cropped-Logo_BTG_original-300x89.png 300w, https:\/\/twin.cargoline.de\/code-x\/wp-content\/uploads\/sites\/46\/2024\/02\/cropped-cropped-cropped-Logo_BTG_original-1024x302.png 1024w, https:\/\/twin.cargoline.de\/code-x\/wp-content\/uploads\/sites\/46\/2024\/02\/cropped-cropped-cropped-Logo_BTG_original-768x227.png 768w, https:\/\/twin.cargoline.de\/code-x\/wp-content\/uploads\/sites\/46\/2024\/02\/cropped-cropped-cropped-Logo_BTG_original-1536x454.png 1536w, https:\/\/twin.cargoline.de\/code-x\/wp-content\/uploads\/sites\/46\/2024\/02\/cropped-cropped-cropped-Logo_BTG_original-307x91.png 307w\" sizes=\"auto, (max-width: 1957px) 100vw, 1957px\" \/><\/a>\n                                    <\/div>\n                                    <div class=\"cx_stellenangebote_with_filter_right\">\n                                        <h3> Bocholt: Bilanzbuchhalter (m\/w\/d &#8211; Vollzeit)<\/h3>\n                                        <p style=\"margin-bottom: 20px\">Bilanzbuchhalter (m\/w\/d) Vollzeit Du suchst Abwechslung, bist organisiert und ein Profi im Umgang mit Zahlen? Du beh\u00e4ltst den \u00dcberblick, wenn es mal kompliziert wird? Dann ist diese Aufgabe das Richtige [&hellip;]<\/p>\n                                        <p class=\"read-more\"> <a target=\"_blank\" style=\"border-radius: 5px;margin: 5px;color: #fff;background: var(--ast-global-color-8);padding: 20px 25px;text-decoration: none;\" class=\"ast-button\" href=\"https:\/\/btg-feldberg.de\/stellenangebot\/bilanzbuchhalter-m-w-d-vollzeit\/\"> <span class=\"screen-reader-text\"><\/span> weiterlesen<\/a><\/p>\n                                    <\/div>\n                               <\/div><div class=\"cx_stellenangebote_with_filter_item element-item bremen export-land \">\n                                    <div class=\"cx_stellenangebote_with_filter_left\">\n                                        <a href=\"https:\/\/bhs-spedition.com\/stellenangebot\/servicemitarbeiter-m-w-d\/\"><img loading=\"lazy\" decoding=\"async\" width=\"487\" height=\"200\" src=\"https:\/\/twin.cargoline.de\/code-x\/wp-content\/uploads\/sites\/51\/2022\/12\/cropped-cropped-logo_bhs-removebg-preview-1-100x41.png\" class=\"custom-logo\" alt=\"\" itemprop=\"logo\" srcset=\"https:\/\/twin.cargoline.de\/code-x\/wp-content\/uploads\/sites\/51\/2022\/12\/cropped-cropped-logo_bhs-removebg-preview-1.png 487w, https:\/\/twin.cargoline.de\/code-x\/wp-content\/uploads\/sites\/51\/2022\/12\/cropped-cropped-logo_bhs-removebg-preview-1-300x123.png 300w, https:\/\/twin.cargoline.de\/code-x\/wp-content\/uploads\/sites\/51\/2022\/12\/cropped-cropped-logo_bhs-removebg-preview-1-100x41.png 100w\" sizes=\"auto, (max-width: 487px) 100vw, 487px\" \/><\/a>\n                                    <\/div>\n                                    <div class=\"cx_stellenangebote_with_filter_right\">\n                                        <h3> Bremen: Mitarbeiter\/in f\u00fcr die Abteilung europ\u00e4ische Landverkehre (m\/ w\/ d)<\/h3>\n                                        <p style=\"margin-bottom: 20px\">Mitarbeiter\/in f\u00fcr die Abteilung europ\u00e4ische Landverkehre (m\/ w\/ d) Ihre Aufgaben Ihre Qualifikation: Wir bieten Ihnen:<\/p>\n                                        <p class=\"read-more\"> <a target=\"_blank\" style=\"border-radius: 5px;margin: 5px;color: #fff;background: var(--ast-global-color-8);padding: 20px 25px;text-decoration: none;\" class=\"ast-button\" href=\"https:\/\/bhs-spedition.com\/stellenangebot\/servicemitarbeiter-m-w-d\/\"> <span class=\"screen-reader-text\"><\/span> weiterlesen<\/a><\/p>\n                                    <\/div>\n                               <\/div><div class=\"cx_stellenangebote_with_filter_item element-item plattling ausbildung \">\n                                    <div class=\"cx_stellenangebote_with_filter_left\">\n                                        <a href=\"https:\/\/grassl.de\/stellenangebot\/ausbildung-zum-kaufmann-frau-fuer-spedition-und-logistikdienstleistungen\/\"><img decoding=\"async\" class=\"custom-logo\" src=\"https:\/\/www.cargoline.de\/wp-content\/themes\/astra-child\/widgets\/img\/grassl_logo_weiss_auf_orange.png\"><\/a>\n                                    <\/div>\n                                    <div class=\"cx_stellenangebote_with_filter_right\">\n                                        <h3> plattling: Ausbildung zum Kaufmann\/ -frau f\u00fcr Spedition und Logistikdienstleistungen<\/h3>\n                                        <p style=\"margin-bottom: 20px\">Aufgrund von unserem stetigen Unternehmenswachstum bieten wir an unserem Standort in Plattling f\u00fcr das Ausbildungsjahr 26\/27 eine: Ausbildung zum Kaufmann\/ -frau f\u00fcr Spedition und Logistikdienstleistungen (m\/w\/d) AUFGABENBEREICH UNSER ANGEBOT GRA\u00dfL [&hellip;]<\/p>\n                                        <p class=\"read-more\"> <a target=\"_blank\" style=\"border-radius: 5px;margin: 5px;color: #fff;background: var(--ast-global-color-8);padding: 20px 25px;text-decoration: none;\" class=\"ast-button\" href=\"https:\/\/grassl.de\/stellenangebot\/ausbildung-zum-kaufmann-frau-fuer-spedition-und-logistikdienstleistungen\/\"> <span class=\"screen-reader-text\"><\/span> weiterlesen<\/a><\/p>\n                                    <\/div>\n                               <\/div><div class=\"cx_stellenangebote_with_filter_item element-item hamburg beschaffungslogistik \">\n                                    <div class=\"cx_stellenangebote_with_filter_left\">\n                                        <a href=\"https:\/\/sander-logistics.de\/stellenangebot\/mitarbeiter-m-w-d-in-der-lkw-abfertigung\/\"><img loading=\"lazy\" decoding=\"async\" width=\"300\" height=\"120\" src=\"https:\/\/twin.cargoline.de\/code-x\/wp-content\/uploads\/sites\/54\/2023\/01\/Logo_Sander_Log_RGB_gross-test-1-300x120-1-162x65.webp\" class=\"custom-logo\" alt=\"\" itemprop=\"logo\" srcset=\"https:\/\/twin.cargoline.de\/code-x\/wp-content\/uploads\/sites\/54\/2023\/01\/Logo_Sander_Log_RGB_gross-test-1-300x120-1.webp 300w, https:\/\/twin.cargoline.de\/code-x\/wp-content\/uploads\/sites\/54\/2023\/01\/Logo_Sander_Log_RGB_gross-test-1-300x120-1-162x65.webp 162w\" sizes=\"auto, (max-width: 300px) 100vw, 300px\" \/><\/a>\n                                    <\/div>\n                                    <div class=\"cx_stellenangebote_with_filter_right\">\n                                        <h3> Hamburg: Mitarbeiter (m\/w\/d) in der LKW-Abfertigung<\/h3>\n                                        <p style=\"margin-bottom: 20px\">Zum n\u00e4chstm\u00f6glichen Zeitpunkt suchen wir f\u00fcr unseren Standort Hamburg Altenwerder: Mitarbeiter (m\/w\/d) in der LKW-Abfertigung Sie haben Spa\u00df an neuen Herausforderungen? Sie arbeiten gern im Team? Eigenverantwortliches Arbeiten ist Ihnen [&hellip;]<\/p>\n                                        <p class=\"read-more\"> <a target=\"_blank\" style=\"border-radius: 5px;margin: 5px;color: #fff;background: var(--ast-global-color-8);padding: 20px 25px;text-decoration: none;\" class=\"ast-button\" href=\"https:\/\/sander-logistics.de\/stellenangebot\/mitarbeiter-m-w-d-in-der-lkw-abfertigung\/\"> <span class=\"screen-reader-text\"><\/span> weiterlesen<\/a><\/p>\n                                    <\/div>\n                               <\/div><div class=\"cx_stellenangebote_with_filter_item element-item plattling lager \">\n                                    <div class=\"cx_stellenangebote_with_filter_left\">\n                                        <a href=\"https:\/\/grassl.de\/stellenangebot\/lagermitarbeiter-fuer-spedition-im-stueckgut-in-wechselschichtm-w-d\/\"><img decoding=\"async\" class=\"custom-logo\" src=\"https:\/\/www.cargoline.de\/wp-content\/themes\/astra-child\/widgets\/img\/grassl_logo_weiss_auf_orange.png\"><\/a>\n                                    <\/div>\n                                    <div class=\"cx_stellenangebote_with_filter_right\">\n                                        <h3> Plattling: Lagermitarbeiter f\u00fcr Spedition im St\u00fcckgut (In Wechselschicht)(m\/w\/d)<\/h3>\n                                        <p style=\"margin-bottom: 20px\">Aufgrund unserem stetigen Unternehmenswachstum verst\u00e4rken wir unser motiviertes Team f\u00fcr unseren Standort in Plattling und suchen ab sofort: Lagermitarbeiter f\u00fcr Spedition im St\u00fcckgut (In Wechselschicht )(m\/w\/d) AUFGABENBEREICH UNSER ANGEBOT Das [&hellip;]<\/p>\n                                        <p class=\"read-more\"> <a target=\"_blank\" style=\"border-radius: 5px;margin: 5px;color: #fff;background: var(--ast-global-color-8);padding: 20px 25px;text-decoration: none;\" class=\"ast-button\" href=\"https:\/\/grassl.de\/stellenangebot\/lagermitarbeiter-fuer-spedition-im-stueckgut-in-wechselschichtm-w-d\/\"> <span class=\"screen-reader-text\"><\/span> weiterlesen<\/a><\/p>\n                                    <\/div>\n                               <\/div><div class=\"cx_stellenangebote_with_filter_item element-item hamburg ausbildung \">\n                                    <div class=\"cx_stellenangebote_with_filter_left\">\n                                        <a href=\"https:\/\/bursped.de\/stellenangebot\/berufsausbildung-kaufmann-kauffrau-fuer-spedition-und-logistikdienstleistung\/\"><img loading=\"lazy\" decoding=\"async\" width=\"1650\" height=\"1030\" src=\"https:\/\/twin.cargoline.de\/code-x\/wp-content\/uploads\/sites\/57\/2023\/01\/bild-162x101.webp\" class=\"custom-logo\" alt=\"\" itemprop=\"logo\" srcset=\"https:\/\/twin.cargoline.de\/code-x\/wp-content\/uploads\/sites\/57\/2023\/01\/bild.webp 1650w, https:\/\/twin.cargoline.de\/code-x\/wp-content\/uploads\/sites\/57\/2023\/01\/bild-300x187.webp 300w, https:\/\/twin.cargoline.de\/code-x\/wp-content\/uploads\/sites\/57\/2023\/01\/bild-1024x639.webp 1024w, https:\/\/twin.cargoline.de\/code-x\/wp-content\/uploads\/sites\/57\/2023\/01\/bild-768x479.webp 768w, https:\/\/twin.cargoline.de\/code-x\/wp-content\/uploads\/sites\/57\/2023\/01\/bild-1536x959.webp 1536w, https:\/\/twin.cargoline.de\/code-x\/wp-content\/uploads\/sites\/57\/2023\/01\/bild-162x101.webp 162w\" sizes=\"auto, (max-width: 1650px) 100vw, 1650px\" \/><\/a>\n                                    <\/div>\n                                    <div class=\"cx_stellenangebote_with_filter_right\">\n                                        <h3> Hamburg: Berufsausbildung: Kaufleute f\u00fcr Spedition und Logistikdienstleistung (m\/w\/d)<\/h3>\n                                        <p style=\"margin-bottom: 20px\">Berufsausbildung: Kaufleute f\u00fcr Spedition und Logistikdienstleistung (m\/w\/d) Wir verbinden Menschen und M\u00e4rkte Lust auf einen Ausbildungsplatz in einer aufregenden, abwechslungsreichen und zukunftssicheren Branche? BurSped ist ein f\u00fchrendes mittelst\u00e4ndisches Familienunternehmen. Seit [&hellip;]<\/p>\n                                        <p class=\"read-more\"> <a target=\"_blank\" style=\"border-radius: 5px;margin: 5px;color: #fff;background: var(--ast-global-color-8);padding: 20px 25px;text-decoration: none;\" class=\"ast-button\" href=\"https:\/\/bursped.de\/stellenangebot\/berufsausbildung-kaufmann-kauffrau-fuer-spedition-und-logistikdienstleistung\/\"> <span class=\"screen-reader-text\"><\/span> weiterlesen<\/a><\/p>\n                                    <\/div>\n                               <\/div><div class=\"cx_stellenangebote_with_filter_item element-item gewerblich \">\n                                    <div class=\"cx_stellenangebote_with_filter_left\">\n                                        <a href=\"https:\/\/koch-international.de\/stellenangebot\/verlader-m-w-d-im-umschlagbetrieb\/\"><img loading=\"lazy\" decoding=\"async\" width=\"666\" height=\"375\" src=\"https:\/\/twin.cargoline.de\/code-x\/wp-content\/uploads\/sites\/47\/2023\/02\/KOCH_Logo_Gelb_transparent-removebg-preview-220x124.png\" class=\"custom-logo\" alt=\"Logo Koch International\" itemprop=\"logo\" srcset=\"https:\/\/twin.cargoline.de\/code-x\/wp-content\/uploads\/sites\/47\/2023\/02\/KOCH_Logo_Gelb_transparent-removebg-preview.png 666w, https:\/\/twin.cargoline.de\/code-x\/wp-content\/uploads\/sites\/47\/2023\/02\/KOCH_Logo_Gelb_transparent-removebg-preview-300x169.png 300w, https:\/\/twin.cargoline.de\/code-x\/wp-content\/uploads\/sites\/47\/2023\/02\/KOCH_Logo_Gelb_transparent-removebg-preview-220x124.png 220w\" sizes=\"auto, (max-width: 666px) 100vw, 666px\" \/><\/a>\n                                    <\/div>\n                                    <div class=\"cx_stellenangebote_with_filter_right\">\n                                        <h3> Osnabr\u00fcck: Verlader (m\/w\/d) im Umschlagbetrieb (m\/w\/d)<\/h3>\n                                        <p style=\"margin-bottom: 20px\">[modal_merken text=&#8220;Wir senden dir einmalig eine E-Mail mit dem von dir gemerkten Job zu. So kannst du jederzeit wieder auf diesen Job zugreifen und dich auch sp\u00e4ter noch bewerben.&#8220;] [modal_bewerben [&hellip;]<\/p>\n                                        <p class=\"read-more\"> <a target=\"_self\" style=\"border-radius: 5px;margin: 5px;color: #fff;background: var(--ast-global-color-8);padding: 20px 25px;text-decoration: none;\" class=\"ast-button\" href=\"https:\/\/koch-international.de\/stellenangebot\/verlader-m-w-d-im-umschlagbetrieb\/\"> <span class=\"screen-reader-text\"><\/span> weiterlesen<\/a><\/p>\n                                    <\/div>\n                               <\/div><div class=\"cx_stellenangebote_with_filter_item element-item hamburg vertrieb \">\n                                    <div class=\"cx_stellenangebote_with_filter_left\">\n                                        <a href=\"https:\/\/bursped.de\/stellenangebot\/verkaufsinnendienst-m-w-d\/\"><img loading=\"lazy\" decoding=\"async\" width=\"1650\" height=\"1030\" src=\"https:\/\/twin.cargoline.de\/code-x\/wp-content\/uploads\/sites\/57\/2023\/01\/bild-162x101.webp\" class=\"custom-logo\" alt=\"\" itemprop=\"logo\" srcset=\"https:\/\/twin.cargoline.de\/code-x\/wp-content\/uploads\/sites\/57\/2023\/01\/bild.webp 1650w, https:\/\/twin.cargoline.de\/code-x\/wp-content\/uploads\/sites\/57\/2023\/01\/bild-300x187.webp 300w, https:\/\/twin.cargoline.de\/code-x\/wp-content\/uploads\/sites\/57\/2023\/01\/bild-1024x639.webp 1024w, https:\/\/twin.cargoline.de\/code-x\/wp-content\/uploads\/sites\/57\/2023\/01\/bild-768x479.webp 768w, https:\/\/twin.cargoline.de\/code-x\/wp-content\/uploads\/sites\/57\/2023\/01\/bild-1536x959.webp 1536w, https:\/\/twin.cargoline.de\/code-x\/wp-content\/uploads\/sites\/57\/2023\/01\/bild-162x101.webp 162w\" sizes=\"auto, (max-width: 1650px) 100vw, 1650px\" \/><\/a>\n                                    <\/div>\n                                    <div class=\"cx_stellenangebote_with_filter_right\">\n                                        <h3> Hamburg: Verkaufsinnendienst (m\/w\/d)<\/h3>\n                                        <p style=\"margin-bottom: 20px\">Wir verbinden Menschen und M\u00e4rkte Lust auf neue Herausforderungen in einer aufregenden Branche? BurSped geh\u00f6rt in Hamburg zu den gr\u00f6\u00dften St\u00fcckgut-Speditionen. Seit 1948 machen wir Logistik f\u00fcr Menschen. Mit unserem [&hellip;]<\/p>\n                                        <p class=\"read-more\"> <a target=\"_blank\" style=\"border-radius: 5px;margin: 5px;color: #fff;background: var(--ast-global-color-8);padding: 20px 25px;text-decoration: none;\" class=\"ast-button\" href=\"https:\/\/bursped.de\/stellenangebot\/verkaufsinnendienst-m-w-d\/\"> <span class=\"screen-reader-text\"><\/span> weiterlesen<\/a><\/p>\n                                    <\/div>\n                               <\/div><div class=\"cx_stellenangebote_with_filter_item element-item bremen charter \">\n                                    <div class=\"cx_stellenangebote_with_filter_left\">\n                                        <a href=\"https:\/\/bhs-spedition.com\/stellenangebot\/disponent-im-bereich-teil-und-komplettladungen\/\"><img loading=\"lazy\" decoding=\"async\" width=\"487\" height=\"200\" src=\"https:\/\/twin.cargoline.de\/code-x\/wp-content\/uploads\/sites\/51\/2022\/12\/cropped-cropped-logo_bhs-removebg-preview-1-100x41.png\" class=\"custom-logo\" alt=\"\" itemprop=\"logo\" srcset=\"https:\/\/twin.cargoline.de\/code-x\/wp-content\/uploads\/sites\/51\/2022\/12\/cropped-cropped-logo_bhs-removebg-preview-1.png 487w, https:\/\/twin.cargoline.de\/code-x\/wp-content\/uploads\/sites\/51\/2022\/12\/cropped-cropped-logo_bhs-removebg-preview-1-300x123.png 300w, https:\/\/twin.cargoline.de\/code-x\/wp-content\/uploads\/sites\/51\/2022\/12\/cropped-cropped-logo_bhs-removebg-preview-1-100x41.png 100w\" sizes=\"auto, (max-width: 487px) 100vw, 487px\" \/><\/a>\n                                    <\/div>\n                                    <div class=\"cx_stellenangebote_with_filter_right\">\n                                        <h3> Bremen: Disponent im Bereich Teil- und Komplettladungen\u00a0<\/h3>\n                                        <p style=\"margin-bottom: 20px\">Ihre Aufgaben Ihre Qualifikationen Wir bieten Ihnen Wir freuen uns auf Ihre Bewerbung<\/p>\n                                        <p class=\"read-more\"> <a target=\"_blank\" style=\"border-radius: 5px;margin: 5px;color: #fff;background: var(--ast-global-color-8);padding: 20px 25px;text-decoration: none;\" class=\"ast-button\" href=\"https:\/\/bhs-spedition.com\/stellenangebot\/disponent-im-bereich-teil-und-komplettladungen\/\"> <span class=\"screen-reader-text\"><\/span> weiterlesen<\/a><\/p>\n                                    <\/div>\n                               <\/div><div class=\"cx_stellenangebote_with_filter_item element-item gewerblich \">\n                                    <div class=\"cx_stellenangebote_with_filter_left\">\n                                        <a href=\"https:\/\/koch-international.de\/stellenangebot\/stellv-teamleitung-m-w-d\/\"><img loading=\"lazy\" decoding=\"async\" width=\"666\" height=\"375\" src=\"https:\/\/twin.cargoline.de\/code-x\/wp-content\/uploads\/sites\/47\/2023\/02\/KOCH_Logo_Gelb_transparent-removebg-preview-220x124.png\" class=\"custom-logo\" alt=\"Logo Koch International\" itemprop=\"logo\" srcset=\"https:\/\/twin.cargoline.de\/code-x\/wp-content\/uploads\/sites\/47\/2023\/02\/KOCH_Logo_Gelb_transparent-removebg-preview.png 666w, https:\/\/twin.cargoline.de\/code-x\/wp-content\/uploads\/sites\/47\/2023\/02\/KOCH_Logo_Gelb_transparent-removebg-preview-300x169.png 300w, https:\/\/twin.cargoline.de\/code-x\/wp-content\/uploads\/sites\/47\/2023\/02\/KOCH_Logo_Gelb_transparent-removebg-preview-220x124.png 220w\" sizes=\"auto, (max-width: 666px) 100vw, 666px\" \/><\/a>\n                                    <\/div>\n                                    <div class=\"cx_stellenangebote_with_filter_right\">\n                                        <h3> Osnabr\u00fcck: Stellv. Teamleitung (m\/w\/d)<\/h3>\n                                        <p style=\"margin-bottom: 20px\">[modal_merken text=&#8220;Wir senden dir einmalig eine E-Mail mit dem von dir gemerkten Job zu. So kannst du jederzeit wieder auf diesen Job zugreifen und dich auch sp\u00e4ter noch bewerben.&#8220;] [modal_bewerben [&hellip;]<\/p>\n                                        <p class=\"read-more\"> <a target=\"_self\" style=\"border-radius: 5px;margin: 5px;color: #fff;background: var(--ast-global-color-8);padding: 20px 25px;text-decoration: none;\" class=\"ast-button\" href=\"https:\/\/koch-international.de\/stellenangebot\/stellv-teamleitung-m-w-d\/\"> <span class=\"screen-reader-text\"><\/span> weiterlesen<\/a><\/p>\n                                    <\/div>\n                               <\/div><div class=\"cx_stellenangebote_with_filter_item element-item \">\n                                    <div class=\"cx_stellenangebote_with_filter_left\">\n                                        <a href=\"https:\/\/hinterberger-logistik.de\/stellenangebot\/berufskraftfahrer-mit-fuehrerscheinklasse-ce-m-w-d\/\"><img loading=\"lazy\" decoding=\"async\" width=\"369\" height=\"95\" src=\"https:\/\/twin.cargoline.de\/code-x\/wp-content\/uploads\/sites\/60\/2023\/01\/cropped-hinterberg-1-162x42.webp\" class=\"custom-logo\" alt=\"\" itemprop=\"logo\" srcset=\"https:\/\/twin.cargoline.de\/code-x\/wp-content\/uploads\/sites\/60\/2023\/01\/cropped-hinterberg-1.webp 369w, https:\/\/twin.cargoline.de\/code-x\/wp-content\/uploads\/sites\/60\/2023\/01\/cropped-hinterberg-1-300x77.webp 300w, https:\/\/twin.cargoline.de\/code-x\/wp-content\/uploads\/sites\/60\/2023\/01\/cropped-hinterberg-1-162x42.webp 162w\" sizes=\"auto, (max-width: 369px) 100vw, 369px\" \/><\/a>\n                                    <\/div>\n                                    <div class=\"cx_stellenangebote_with_filter_right\">\n                                        <h3> berufskraftfahrer-mit-fuehrerscheinklasse-ce-m-w-d<\/h3>\n                                        <p style=\"margin-bottom: 20px\">Wir suchen eine\/n Berufskraftfahrer\/in mit der F\u00fchrerscheinklasse CE (m\/w\/d) Ihre Vorteile Aufgabengebiet Qualifikation Bewerben Sie sich noch heute :<\/p>\n                                        <p class=\"read-more\"> <a target=\"_blank\" style=\"border-radius: 5px;margin: 5px;color: #fff;background: var(--ast-global-color-8);padding: 20px 25px;text-decoration: none;\" class=\"ast-button\" href=\"https:\/\/hinterberger-logistik.de\/stellenangebot\/berufskraftfahrer-mit-fuehrerscheinklasse-ce-m-w-d\/\"> <span class=\"screen-reader-text\"><\/span> weiterlesen<\/a><\/p>\n                                    <\/div>\n                               <\/div><div class=\"cx_stellenangebote_with_filter_item element-item hamburg disposition \">\n                                    <div class=\"cx_stellenangebote_with_filter_left\">\n                                        <a href=\"https:\/\/sander-logistics.de\/stellenangebot\/lkw-disponent-fernverkehr-national-international-m-w-d\/\"><img loading=\"lazy\" decoding=\"async\" width=\"300\" height=\"120\" src=\"https:\/\/twin.cargoline.de\/code-x\/wp-content\/uploads\/sites\/54\/2023\/01\/Logo_Sander_Log_RGB_gross-test-1-300x120-1-162x65.webp\" class=\"custom-logo\" alt=\"\" itemprop=\"logo\" srcset=\"https:\/\/twin.cargoline.de\/code-x\/wp-content\/uploads\/sites\/54\/2023\/01\/Logo_Sander_Log_RGB_gross-test-1-300x120-1.webp 300w, https:\/\/twin.cargoline.de\/code-x\/wp-content\/uploads\/sites\/54\/2023\/01\/Logo_Sander_Log_RGB_gross-test-1-300x120-1-162x65.webp 162w\" sizes=\"auto, (max-width: 300px) 100vw, 300px\" \/><\/a>\n                                    <\/div>\n                                    <div class=\"cx_stellenangebote_with_filter_right\">\n                                        <h3> Hamburg Altenwerder: LKW-Disponent (m\/w\/d) Fernverkehr National\/International<\/h3>\n                                        <p style=\"margin-bottom: 20px\">Zum n\u00e4chstm\u00f6glichen Zeitpunkt suchen wir f\u00fcr unseren Standort Hamburg Altenwerder: Zuverl\u00e4ssigen LKW-Disponenten (m\/w\/d) Fernverkehr National\/International Sie haben Spa\u00df an neuen Herausforderungen? Sie arbeiten gern im Team? Disposition ist Ihre Leidenschaft? [&hellip;]<\/p>\n                                        <p class=\"read-more\"> <a target=\"_blank\" style=\"border-radius: 5px;margin: 5px;color: #fff;background: var(--ast-global-color-8);padding: 20px 25px;text-decoration: none;\" class=\"ast-button\" href=\"https:\/\/sander-logistics.de\/stellenangebot\/lkw-disponent-fernverkehr-national-international-m-w-d\/\"> <span class=\"screen-reader-text\"><\/span> weiterlesen<\/a><\/p>\n                                    <\/div>\n                               <\/div><div class=\"cx_stellenangebote_with_filter_item element-item obertraubling lager \">\n                                    <div class=\"cx_stellenangebote_with_filter_left\">\n                                        <a href=\"https:\/\/www.streitcargo.de\/stellenangebot\/lagermitarbeiter\/\"><img decoding=\"async\" class=\"custom-logo\" src=\"https:\/\/www.cargoline.de\/wp-content\/themes\/astra-child\/widgets\/img\/logo_streit-co_schrift_blau.png\"><\/a>\n                                    <\/div>\n                                    <div class=\"cx_stellenangebote_with_filter_right\">\n                                        <h3> Obertraubling: Lagermitarbeiter (m\/w\/d)<\/h3>\n                                        <p style=\"margin-bottom: 20px\">Wir suchen zur Verst\u00e4rkung unseres Teams f\u00fcr unser Au\u00dfenlager in Regensburg zum n\u00e4chstm\u00f6glichen Zeitpunkt einen motivierten Lagermitarbeiter (m\/w\/d) mit Staplerschein und Speditionserfahrung.<\/p>\n                                        <p class=\"read-more\"> <a target=\"_blank\" style=\"border-radius: 5px;margin: 5px;color: #fff;background: var(--ast-global-color-8);padding: 20px 25px;text-decoration: none;\" class=\"ast-button\" href=\"https:\/\/www.streitcargo.de\/stellenangebot\/lagermitarbeiter\/\"> <span class=\"screen-reader-text\"><\/span> weiterlesen<\/a><\/p>\n                                    <\/div>\n                               <\/div><div class=\"cx_stellenangebote_with_filter_item element-item plattling ausbildung \">\n                                    <div class=\"cx_stellenangebote_with_filter_left\">\n                                        <a href=\"https:\/\/grassl.de\/stellenangebot\/ausbildung-zur-fachkraft-fuer-lagerlogistik\/\"><img decoding=\"async\" class=\"custom-logo\" src=\"https:\/\/www.cargoline.de\/wp-content\/themes\/astra-child\/widgets\/img\/grassl_logo_weiss_auf_orange.png\"><\/a>\n                                    <\/div>\n                                    <div class=\"cx_stellenangebote_with_filter_right\">\n                                        <h3> Plattling: Ausbildung zur Fachkraft f\u00fcr Lagerlogistik<\/h3>\n                                        <p style=\"margin-bottom: 20px\">Aufgrund von unserem stetigen Unternehmenswachstum bieten wir an unserem Standort in Plattling f\u00fcr das Ausbildungsjahr 26\/27 eine: Ausbildung zur Fachkraft f\u00fcr Lagerlogistik (m\/w\/d) AUFGABENBEREICH UNSER ANGEBOT GRA\u00dfL LOGISTIK Als mittelst\u00e4ndisches [&hellip;]<\/p>\n                                        <p class=\"read-more\"> <a target=\"_blank\" style=\"border-radius: 5px;margin: 5px;color: #fff;background: var(--ast-global-color-8);padding: 20px 25px;text-decoration: none;\" class=\"ast-button\" href=\"https:\/\/grassl.de\/stellenangebot\/ausbildung-zur-fachkraft-fuer-lagerlogistik\/\"> <span class=\"screen-reader-text\"><\/span> weiterlesen<\/a><\/p>\n                                    <\/div>\n                               <\/div><div class=\"cx_stellenangebote_with_filter_item element-item gewerblich \">\n                                    <div class=\"cx_stellenangebote_with_filter_left\">\n                                        <a href=\"https:\/\/koch-international.de\/stellenangebot\/schichtleitung-kontraktlogistik-m-w-d\/\"><img loading=\"lazy\" decoding=\"async\" width=\"666\" height=\"375\" src=\"https:\/\/twin.cargoline.de\/code-x\/wp-content\/uploads\/sites\/47\/2023\/02\/KOCH_Logo_Gelb_transparent-removebg-preview-220x124.png\" class=\"custom-logo\" alt=\"Logo Koch International\" itemprop=\"logo\" srcset=\"https:\/\/twin.cargoline.de\/code-x\/wp-content\/uploads\/sites\/47\/2023\/02\/KOCH_Logo_Gelb_transparent-removebg-preview.png 666w, https:\/\/twin.cargoline.de\/code-x\/wp-content\/uploads\/sites\/47\/2023\/02\/KOCH_Logo_Gelb_transparent-removebg-preview-300x169.png 300w, https:\/\/twin.cargoline.de\/code-x\/wp-content\/uploads\/sites\/47\/2023\/02\/KOCH_Logo_Gelb_transparent-removebg-preview-220x124.png 220w\" sizes=\"auto, (max-width: 666px) 100vw, 666px\" \/><\/a>\n                                    <\/div>\n                                    <div class=\"cx_stellenangebote_with_filter_right\">\n                                        <h3> Schichtleitung Kontraktlogistik (m\/w\/d)<\/h3>\n                                        <p style=\"margin-bottom: 20px\">[modal_merken text=&#8220;Wir senden dir einmalig eine E-Mail mit dem von dir gemerkten Job zu. So kannst du jederzeit wieder auf diesen Job zugreifen und dich auch sp\u00e4ter noch bewerben.&#8220;] [modal_bewerben [&hellip;]<\/p>\n                                        <p class=\"read-more\"> <a target=\"_self\" style=\"border-radius: 5px;margin: 5px;color: #fff;background: var(--ast-global-color-8);padding: 20px 25px;text-decoration: none;\" class=\"ast-button\" href=\"https:\/\/koch-international.de\/stellenangebot\/schichtleitung-kontraktlogistik-m-w-d\/\"> <span class=\"screen-reader-text\"><\/span> weiterlesen<\/a><\/p>\n                                    <\/div>\n                               <\/div><div class=\"cx_stellenangebote_with_filter_item element-item plattling disposition \">\n                                    <div class=\"cx_stellenangebote_with_filter_left\">\n                                        <a href=\"https:\/\/grassl.de\/stellenangebot\/vertrieb-innendienst-in-teil-oder-vollzeit-m-w-d\/\"><img decoding=\"async\" class=\"custom-logo\" src=\"https:\/\/www.cargoline.de\/wp-content\/themes\/astra-child\/widgets\/img\/grassl_logo_weiss_auf_orange.png\"><\/a>\n                                    <\/div>\n                                    <div class=\"cx_stellenangebote_with_filter_right\">\n                                        <h3> plattling: Vertrieb Innendienst In Teil- oder Vollzeit (m\/w\/d)<\/h3>\n                                        <p style=\"margin-bottom: 20px\">Aufgrund von unserem stetigen Unternehmenswachstum verst\u00e4rken wir unser motiviertes Team f\u00fcr unseren Standort in Plattling und suchen ab sofort: Vertrieb Innendienst(In Teil- oder Vollzeit)(m\/w\/d) AUFBAGENBEREICH UNSER ANGEBOT Qualifikationen Du hast [&hellip;]<\/p>\n                                        <p class=\"read-more\"> <a target=\"_blank\" style=\"border-radius: 5px;margin: 5px;color: #fff;background: var(--ast-global-color-8);padding: 20px 25px;text-decoration: none;\" class=\"ast-button\" href=\"https:\/\/grassl.de\/stellenangebot\/vertrieb-innendienst-in-teil-oder-vollzeit-m-w-d\/\"> <span class=\"screen-reader-text\"><\/span> weiterlesen<\/a><\/p>\n                                    <\/div>\n                               <\/div><div class=\"cx_stellenangebote_with_filter_item element-item hannover sehnde-ot-hoever export karriere kaufmaennisch stellenangebote \">\n                                    <div class=\"cx_stellenangebote_with_filter_left\">\n                                        <a href=\"https:\/\/koester-hapke-sped.com\/stellenangebot\/disponent-m-w-d-fuer-den-export-landverkehre\/\"><img loading=\"lazy\" decoding=\"async\" width=\"2560\" height=\"665\" src=\"https:\/\/twin.cargoline.de\/code-x\/wp-content\/uploads\/sites\/53\/2025\/07\/KH-Logo-scaled-250x65.webp\" class=\"custom-logo\" alt=\"\" itemprop=\"logo\" srcset=\"https:\/\/twin.cargoline.de\/code-x\/wp-content\/uploads\/sites\/53\/2025\/07\/KH-Logo-scaled.webp 2560w, https:\/\/twin.cargoline.de\/code-x\/wp-content\/uploads\/sites\/53\/2025\/07\/KH-Logo-scaled-300x78.webp 300w, https:\/\/twin.cargoline.de\/code-x\/wp-content\/uploads\/sites\/53\/2025\/07\/KH-Logo-scaled-1024x266.webp 1024w, https:\/\/twin.cargoline.de\/code-x\/wp-content\/uploads\/sites\/53\/2025\/07\/KH-Logo-scaled-768x200.webp 768w, https:\/\/twin.cargoline.de\/code-x\/wp-content\/uploads\/sites\/53\/2025\/07\/KH-Logo-scaled-1536x399.webp 1536w, https:\/\/twin.cargoline.de\/code-x\/wp-content\/uploads\/sites\/53\/2025\/07\/KH-Logo-scaled-2048x532.webp 2048w, https:\/\/twin.cargoline.de\/code-x\/wp-content\/uploads\/sites\/53\/2025\/07\/KH-Logo-scaled-250x65.webp 250w\" sizes=\"auto, (max-width: 2560px) 100vw, 2560px\" \/><\/a>\n                                    <\/div>\n                                    <div class=\"cx_stellenangebote_with_filter_right\">\n                                        <h3> Hannover, Sehnde \/ OT H\u00f6ver: Disponent (m\/w\/d) f\u00fcr den Export Landverkehre<\/h3>\n                                        <p style=\"margin-bottom: 20px\">K\u00f6ster &amp; Hapke &#8211; Wir verbinden Menschen und M\u00e4rkte Lust auf neue Herausforderungen in einer aufregenden Branche? K\u00f6ster &amp; Hapke ist ein mittelst\u00e4ndisches Familienunternehmen. Seit 1854 machen wir Logistik f\u00fcr [&hellip;]<\/p>\n                                        <p class=\"read-more\"> <a target=\"_blank\" style=\"border-radius: 5px;margin: 5px;color: #fff;background: var(--ast-global-color-8);padding: 20px 25px;text-decoration: none;\" class=\"ast-button\" href=\"https:\/\/koester-hapke-sped.com\/stellenangebot\/disponent-m-w-d-fuer-den-export-landverkehre\/\"> <span class=\"screen-reader-text\"><\/span> weiterlesen<\/a><\/p>\n                                    <\/div>\n                               <\/div><div class=\"cx_stellenangebote_with_filter_item element-item hamburg rostock lager \">\n                                    <div class=\"cx_stellenangebote_with_filter_left\">\n                                        <a href=\"https:\/\/sander-logistics.de\/stellenangebot\/mitarbeiter-m-w-d-umschlaglager-in-hh-und-hro\/\"><img loading=\"lazy\" decoding=\"async\" width=\"300\" height=\"120\" src=\"https:\/\/twin.cargoline.de\/code-x\/wp-content\/uploads\/sites\/54\/2023\/01\/Logo_Sander_Log_RGB_gross-test-1-300x120-1-162x65.webp\" class=\"custom-logo\" alt=\"\" itemprop=\"logo\" srcset=\"https:\/\/twin.cargoline.de\/code-x\/wp-content\/uploads\/sites\/54\/2023\/01\/Logo_Sander_Log_RGB_gross-test-1-300x120-1.webp 300w, https:\/\/twin.cargoline.de\/code-x\/wp-content\/uploads\/sites\/54\/2023\/01\/Logo_Sander_Log_RGB_gross-test-1-300x120-1-162x65.webp 162w\" sizes=\"auto, (max-width: 300px) 100vw, 300px\" \/><\/a>\n                                    <\/div>\n                                    <div class=\"cx_stellenangebote_with_filter_right\">\n                                        <h3> Rostock: Mitarbeiter (m\/w\/d) Umschlaglager<\/h3>\n                                        <p style=\"margin-bottom: 20px\">Zum n\u00e4chstm\u00f6glichen Zeitpunkt suchen wir f\u00fcr unseren Standorte Hamburg Finkenwerder sowie Rostock: Zuverl\u00e4ssige Mitarbeiter (m\/w\/d) mit Staplerschein am Umschlaglager Sie haben Spa\u00df an neuen Herausforderungen? Sie arbeiten gern im Team? [&hellip;]<\/p>\n                                        <p class=\"read-more\"> <a target=\"_blank\" style=\"border-radius: 5px;margin: 5px;color: #fff;background: var(--ast-global-color-8);padding: 20px 25px;text-decoration: none;\" class=\"ast-button\" href=\"https:\/\/sander-logistics.de\/stellenangebot\/mitarbeiter-m-w-d-umschlaglager-in-hh-und-hro\/\"> <span class=\"screen-reader-text\"><\/span> weiterlesen<\/a><\/p>\n                                    <\/div>\n                               <\/div><div class=\"cx_stellenangebote_with_filter_item element-item hannover sehnde-ot-hoever disposition karriere kaufmaennisch stellenangebote \">\n                                    <div class=\"cx_stellenangebote_with_filter_left\">\n                                        <a href=\"https:\/\/koester-hapke-sped.com\/stellenangebot\/disponent-national-und-international-m-w-d\/\"><img loading=\"lazy\" decoding=\"async\" width=\"2560\" height=\"665\" src=\"https:\/\/twin.cargoline.de\/code-x\/wp-content\/uploads\/sites\/53\/2025\/07\/KH-Logo-scaled-250x65.webp\" class=\"custom-logo\" alt=\"\" itemprop=\"logo\" srcset=\"https:\/\/twin.cargoline.de\/code-x\/wp-content\/uploads\/sites\/53\/2025\/07\/KH-Logo-scaled.webp 2560w, https:\/\/twin.cargoline.de\/code-x\/wp-content\/uploads\/sites\/53\/2025\/07\/KH-Logo-scaled-300x78.webp 300w, https:\/\/twin.cargoline.de\/code-x\/wp-content\/uploads\/sites\/53\/2025\/07\/KH-Logo-scaled-1024x266.webp 1024w, https:\/\/twin.cargoline.de\/code-x\/wp-content\/uploads\/sites\/53\/2025\/07\/KH-Logo-scaled-768x200.webp 768w, https:\/\/twin.cargoline.de\/code-x\/wp-content\/uploads\/sites\/53\/2025\/07\/KH-Logo-scaled-1536x399.webp 1536w, https:\/\/twin.cargoline.de\/code-x\/wp-content\/uploads\/sites\/53\/2025\/07\/KH-Logo-scaled-2048x532.webp 2048w, https:\/\/twin.cargoline.de\/code-x\/wp-content\/uploads\/sites\/53\/2025\/07\/KH-Logo-scaled-250x65.webp 250w\" sizes=\"auto, (max-width: 2560px) 100vw, 2560px\" \/><\/a>\n                                    <\/div>\n                                    <div class=\"cx_stellenangebote_with_filter_right\">\n                                        <h3> Hannover, Sehnde \/ OT H\u00f6ver: Disponent National und International (m\/w\/d)<\/h3>\n                                        <p style=\"margin-bottom: 20px\">K\u00f6ster &amp; Hapke &#8211; Wir verbinden Menschen und M\u00e4rkte Lust auf neue Herausforderungen in einer aufregenden Branche? K\u00f6ster &amp; Hapke ist ein mittelst\u00e4ndisches Familienunternehmen. Seit 1854 machen wir Logistik f\u00fcr [&hellip;]<\/p>\n                                        <p class=\"read-more\"> <a target=\"_blank\" style=\"border-radius: 5px;margin: 5px;color: #fff;background: var(--ast-global-color-8);padding: 20px 25px;text-decoration: none;\" class=\"ast-button\" href=\"https:\/\/koester-hapke-sped.com\/stellenangebot\/disponent-national-und-international-m-w-d\/\"> <span class=\"screen-reader-text\"><\/span> weiterlesen<\/a><\/p>\n                                    <\/div>\n                               <\/div><div class=\"cx_stellenangebote_with_filter_item element-item \">\n                                    <div class=\"cx_stellenangebote_with_filter_left\">\n                                        <a href=\"https:\/\/btg-feldberg.de\/stellenangebot\/berufskraftfahrer-nahverkehr-m-w-d-in-vollzeit\/\"><img loading=\"lazy\" decoding=\"async\" width=\"1957\" height=\"578\" src=\"https:\/\/twin.cargoline.de\/code-x\/wp-content\/uploads\/sites\/46\/2024\/02\/cropped-cropped-cropped-Logo_BTG_original-307x91.png\" class=\"custom-logo\" alt=\"BTG Logo\" itemprop=\"logo\" srcset=\"https:\/\/twin.cargoline.de\/code-x\/wp-content\/uploads\/sites\/46\/2024\/02\/cropped-cropped-cropped-Logo_BTG_original.png 1957w, https:\/\/twin.cargoline.de\/code-x\/wp-content\/uploads\/sites\/46\/2024\/02\/cropped-cropped-cropped-Logo_BTG_original-300x89.png 300w, https:\/\/twin.cargoline.de\/code-x\/wp-content\/uploads\/sites\/46\/2024\/02\/cropped-cropped-cropped-Logo_BTG_original-1024x302.png 1024w, https:\/\/twin.cargoline.de\/code-x\/wp-content\/uploads\/sites\/46\/2024\/02\/cropped-cropped-cropped-Logo_BTG_original-768x227.png 768w, https:\/\/twin.cargoline.de\/code-x\/wp-content\/uploads\/sites\/46\/2024\/02\/cropped-cropped-cropped-Logo_BTG_original-1536x454.png 1536w, https:\/\/twin.cargoline.de\/code-x\/wp-content\/uploads\/sites\/46\/2024\/02\/cropped-cropped-cropped-Logo_BTG_original-307x91.png 307w\" sizes=\"auto, (max-width: 1957px) 100vw, 1957px\" \/><\/a>\n                                    <\/div>\n                                    <div class=\"cx_stellenangebote_with_filter_right\">\n                                        <h3> Bocholt: Berufskraftfahrer &#8211; Nahverkehr (m\/w\/d) in Vollzeit<\/h3>\n                                        <p style=\"margin-bottom: 20px\">Berufskraftfahrer &#8211; Nahverkehr (m\/w\/d) in Vollzeit \ud83d\udcb0 Attraktiver Stundenlohn: \u00a0\u00a0\u00a0\u00a0\u00a015,12 \u20ac &#8211; 16,20 \u20ac\u00a0\u00a0\u00a0 +\u00a0\u00a0\u00a0\u00a0 Spesen 14,00 \u20ac \/ Tag \ud83c\udf84 Weihnachtsgeld \u00a02.730,00 \u20ac \u00a0 +\u00a0 \u00a0\ud83c\udf81 Urlaubsgeld \u00a01.650,00 \u20ac [&hellip;]<\/p>\n                                        <p class=\"read-more\"> <a target=\"_blank\" style=\"border-radius: 5px;margin: 5px;color: #fff;background: var(--ast-global-color-8);padding: 20px 25px;text-decoration: none;\" class=\"ast-button\" href=\"https:\/\/btg-feldberg.de\/stellenangebot\/berufskraftfahrer-nahverkehr-m-w-d-in-vollzeit\/\"> <span class=\"screen-reader-text\"><\/span> weiterlesen<\/a><\/p>\n                                    <\/div>\n                               <\/div><div class=\"cx_stellenangebote_with_filter_item element-item hamburg edv \">\n                                    <div class=\"cx_stellenangebote_with_filter_left\">\n                                        <a href=\"https:\/\/sander-logistics.de\/stellenangebot\/softwareentwickler-fachinformatiker-m-w-d-anwendungsentwicklung\/\"><img loading=\"lazy\" decoding=\"async\" width=\"300\" height=\"120\" src=\"https:\/\/twin.cargoline.de\/code-x\/wp-content\/uploads\/sites\/54\/2023\/01\/Logo_Sander_Log_RGB_gross-test-1-300x120-1-162x65.webp\" class=\"custom-logo\" alt=\"\" itemprop=\"logo\" srcset=\"https:\/\/twin.cargoline.de\/code-x\/wp-content\/uploads\/sites\/54\/2023\/01\/Logo_Sander_Log_RGB_gross-test-1-300x120-1.webp 300w, https:\/\/twin.cargoline.de\/code-x\/wp-content\/uploads\/sites\/54\/2023\/01\/Logo_Sander_Log_RGB_gross-test-1-300x120-1-162x65.webp 162w\" sizes=\"auto, (max-width: 300px) 100vw, 300px\" \/><\/a>\n                                    <\/div>\n                                    <div class=\"cx_stellenangebote_with_filter_right\">\n                                        <h3> Hamburg: Softwareentwickler\/Fachinformatiker (m\/w\/d) Anwendungsentwicklung<\/h3>\n                                        <p style=\"margin-bottom: 20px\">Zum n\u00e4chstm\u00f6glichen Zeitpunkt suchen wir f\u00fcr unseren Standort Hamburg Finkenwerder: Zuverl\u00e4ssigen Softwareentwickler\/Fachinformatiker (m\/w\/d) Anwendungsentwicklung Sie haben Spa\u00df an neuen Herausforderungen? Sie arbeiten gern im Team? Bei Delphi m\u00fcssen Sie nicht [&hellip;]<\/p>\n                                        <p class=\"read-more\"> <a target=\"_blank\" style=\"border-radius: 5px;margin: 5px;color: #fff;background: var(--ast-global-color-8);padding: 20px 25px;text-decoration: none;\" class=\"ast-button\" href=\"https:\/\/sander-logistics.de\/stellenangebot\/softwareentwickler-fachinformatiker-m-w-d-anwendungsentwicklung\/\"> <span class=\"screen-reader-text\"><\/span> weiterlesen<\/a><\/p>\n                                    <\/div>\n                               <\/div><div class=\"cx_stellenangebote_with_filter_item element-item obertraubling abrechnungsabteilung \">\n                                    <div class=\"cx_stellenangebote_with_filter_left\">\n                                        <a href=\"https:\/\/www.streitcargo.de\/stellenangebot\/mitarbeiter-abrechnungsabteilung\/\"><img decoding=\"async\" class=\"custom-logo\" src=\"https:\/\/www.cargoline.de\/wp-content\/themes\/astra-child\/widgets\/img\/logo_streit-co_schrift_blau.png\"><\/a>\n                                    <\/div>\n                                    <div class=\"cx_stellenangebote_with_filter_right\">\n                                        <h3> Obertraubling: Mitarbeiter (m\/w\/d) Abrechnungsabteilung<\/h3>\n                                        <p style=\"margin-bottom: 20px\">Wir suchen zur Verst\u00e4rkung unseres Teams in Obertraubling zum n\u00e4chstm\u00f6glichen Zeitpunkt einen motivierten Mitarbeiter (m\/w\/d) f\u00fcr die Abrechnungsabteilung.<\/p>\n                                        <p class=\"read-more\"> <a target=\"_blank\" style=\"border-radius: 5px;margin: 5px;color: #fff;background: var(--ast-global-color-8);padding: 20px 25px;text-decoration: none;\" class=\"ast-button\" href=\"https:\/\/www.streitcargo.de\/stellenangebot\/mitarbeiter-abrechnungsabteilung\/\"> <span class=\"screen-reader-text\"><\/span> weiterlesen<\/a><\/p>\n                                    <\/div>\n                               <\/div><div class=\"cx_stellenangebote_with_filter_item element-item muenchen marketing \">\n                                    <div class=\"cx_stellenangebote_with_filter_left\">\n                                        <a href=\"https:\/\/twin.cargoline.de\/john-spedition\/stellenangebot\/werkstudent-onlinemarketing-m-w-d\/\"><img loading=\"lazy\" decoding=\"async\" width=\"1181\" height=\"709\" src=\"https:\/\/twin.cargoline.de\/code-x\/wp-content\/uploads\/sites\/67\/2025\/11\/Logo_John_Zusatz-150x90.webp\" class=\"custom-logo\" alt=\"John Logo\" itemprop=\"logo\" srcset=\"https:\/\/twin.cargoline.de\/code-x\/wp-content\/uploads\/sites\/67\/2025\/11\/Logo_John_Zusatz.webp 1181w, https:\/\/twin.cargoline.de\/code-x\/wp-content\/uploads\/sites\/67\/2025\/11\/Logo_John_Zusatz-300x180.webp 300w, https:\/\/twin.cargoline.de\/code-x\/wp-content\/uploads\/sites\/67\/2025\/11\/Logo_John_Zusatz-1024x615.webp 1024w, https:\/\/twin.cargoline.de\/code-x\/wp-content\/uploads\/sites\/67\/2025\/11\/Logo_John_Zusatz-768x461.webp 768w, https:\/\/twin.cargoline.de\/code-x\/wp-content\/uploads\/sites\/67\/2025\/11\/Logo_John_Zusatz-150x90.webp 150w\" sizes=\"auto, (max-width: 1181px) 100vw, 1181px\" \/><\/a>\n                                    <\/div>\n                                    <div class=\"cx_stellenangebote_with_filter_right\">\n                                        <h3> M\u00fcnchen: Werkstudent Onlinemarketing (m\/w\/d)<\/h3>\n                                        <p style=\"margin-bottom: 20px\">Lorem ipsum dolor sit amet, consetetur sadipscing elitr, sed diam nonumy eirmod tempor invidunt ut labore et dolore magna aliquyam erat, sed diam voluptua. At vero eos et accusam et [&hellip;]<\/p>\n                                        <p class=\"read-more\"> <a target=\"_blank\" style=\"border-radius: 5px;margin: 5px;color: #fff;background: var(--ast-global-color-8);padding: 20px 25px;text-decoration: none;\" class=\"ast-button\" href=\"https:\/\/twin.cargoline.de\/john-spedition\/stellenangebot\/werkstudent-onlinemarketing-m-w-d\/\"> <span class=\"screen-reader-text\"><\/span> weiterlesen<\/a><\/p>\n                                    <\/div>\n                               <\/div><div class=\"cx_stellenangebote_with_filter_item element-item plattling ausbildung \">\n                                    <div class=\"cx_stellenangebote_with_filter_left\">\n                                        <a href=\"https:\/\/grassl.de\/stellenangebot\/ausbildung-zum-berufskraftfahrer\/\"><img decoding=\"async\" class=\"custom-logo\" src=\"https:\/\/www.cargoline.de\/wp-content\/themes\/astra-child\/widgets\/img\/grassl_logo_weiss_auf_orange.png\"><\/a>\n                                    <\/div>\n                                    <div class=\"cx_stellenangebote_with_filter_right\">\n                                        <h3> Plattling: Ausbildung zum Berufskraftfahrer<\/h3>\n                                        <p style=\"margin-bottom: 20px\">Aufgrund von unserem stetigen Unternehmenswachstum bieten wir an unserem Standort in Plattling f\u00fcr das Ausbildungsjahr 26\/27 eine: Ausbildung zum Berufskraftfahrer(m\/w\/d) AUFGABENBEREICH UNSER ANGEBOT GRA\u00dfL LOGISTIK Als mittelst\u00e4ndisches Familienunternehmen in der [&hellip;]<\/p>\n                                        <p class=\"read-more\"> <a target=\"_blank\" style=\"border-radius: 5px;margin: 5px;color: #fff;background: var(--ast-global-color-8);padding: 20px 25px;text-decoration: none;\" class=\"ast-button\" href=\"https:\/\/grassl.de\/stellenangebot\/ausbildung-zum-berufskraftfahrer\/\"> <span class=\"screen-reader-text\"><\/span> weiterlesen<\/a><\/p>\n                                    <\/div>\n                               <\/div><div class=\"cx_stellenangebote_with_filter_item element-item obertraubling fahrer \">\n                                    <div class=\"cx_stellenangebote_with_filter_left\">\n                                        <a href=\"https:\/\/www.streitcargo.de\/stellenangebot\/berufskraftfahrer-nahverkehr-fernverkehr\/\"><img decoding=\"async\" class=\"custom-logo\" src=\"https:\/\/www.cargoline.de\/wp-content\/themes\/astra-child\/widgets\/img\/logo_streit-co_schrift_blau.png\"><\/a>\n                                    <\/div>\n                                    <div class=\"cx_stellenangebote_with_filter_right\">\n                                        <h3> Obertraubling: Berufskraftfahrer (m\/w\/d) Nahverkehr\/Fernverkehr<\/h3>\n                                        <p style=\"margin-bottom: 20px\">Wir suchen zur Verst\u00e4rkung unseres Teams in Obertraubling zum n\u00e4chstm\u00f6glichen Zeitpunkt einen motivierten Berufskraftfahrer (m\/w\/d) Nahverkehr\/Fernverkehr.<\/p>\n                                        <p class=\"read-more\"> <a target=\"_blank\" style=\"border-radius: 5px;margin: 5px;color: #fff;background: var(--ast-global-color-8);padding: 20px 25px;text-decoration: none;\" class=\"ast-button\" href=\"https:\/\/www.streitcargo.de\/stellenangebot\/berufskraftfahrer-nahverkehr-fernverkehr\/\"> <span class=\"screen-reader-text\"><\/span> weiterlesen<\/a><\/p>\n                                    <\/div>\n                               <\/div><div class=\"cx_stellenangebote_with_filter_item element-item \">\n                                    <div class=\"cx_stellenangebote_with_filter_left\">\n                                        <a href=\"https:\/\/btg-feldberg.de\/stellenangebot\/lagermitarbeiter-3\/\"><img loading=\"lazy\" decoding=\"async\" width=\"1957\" height=\"578\" src=\"https:\/\/twin.cargoline.de\/code-x\/wp-content\/uploads\/sites\/46\/2024\/02\/cropped-cropped-cropped-Logo_BTG_original-307x91.png\" class=\"custom-logo\" alt=\"BTG Logo\" itemprop=\"logo\" srcset=\"https:\/\/twin.cargoline.de\/code-x\/wp-content\/uploads\/sites\/46\/2024\/02\/cropped-cropped-cropped-Logo_BTG_original.png 1957w, https:\/\/twin.cargoline.de\/code-x\/wp-content\/uploads\/sites\/46\/2024\/02\/cropped-cropped-cropped-Logo_BTG_original-300x89.png 300w, https:\/\/twin.cargoline.de\/code-x\/wp-content\/uploads\/sites\/46\/2024\/02\/cropped-cropped-cropped-Logo_BTG_original-1024x302.png 1024w, https:\/\/twin.cargoline.de\/code-x\/wp-content\/uploads\/sites\/46\/2024\/02\/cropped-cropped-cropped-Logo_BTG_original-768x227.png 768w, https:\/\/twin.cargoline.de\/code-x\/wp-content\/uploads\/sites\/46\/2024\/02\/cropped-cropped-cropped-Logo_BTG_original-1536x454.png 1536w, https:\/\/twin.cargoline.de\/code-x\/wp-content\/uploads\/sites\/46\/2024\/02\/cropped-cropped-cropped-Logo_BTG_original-307x91.png 307w\" sizes=\"auto, (max-width: 1957px) 100vw, 1957px\" \/><\/a>\n                                    <\/div>\n                                    <div class=\"cx_stellenangebote_with_filter_right\">\n                                        <h3> Bocholt: Lagermitarbeiter<\/h3>\n                                        <p style=\"margin-bottom: 20px\">Lagermitarbeiter \u2013 Verlader (m\/w\/d) Sp\u00e4tschicht \/ Vollzeit \/ Teilzeit \/ Aushilfe \ud83d\udccd Bocholt \ud83d\udcb0 Attraktiver Stundenlohn: &nbsp;&nbsp;&nbsp;&nbsp;&nbsp;16,36 \u20ac&nbsp;&nbsp;&nbsp; +&nbsp;&nbsp;&nbsp;&nbsp; \u00dcberstundenbezahlung \ud83c\udf84 Weihnachtsgeld &nbsp;&nbsp;&nbsp;2.760,00 \u20ac &nbsp;&nbsp;&nbsp;+&nbsp;&nbsp; &nbsp;\ud83c\udf81 Urlaubsgeld &nbsp;&nbsp;&nbsp;1.650,00 \u20ac bis [&hellip;]<\/p>\n                                        <p class=\"read-more\"> <a target=\"_blank\" style=\"border-radius: 5px;margin: 5px;color: #fff;background: var(--ast-global-color-8);padding: 20px 25px;text-decoration: none;\" class=\"ast-button\" href=\"https:\/\/btg-feldberg.de\/stellenangebot\/lagermitarbeiter-3\/\"> <span class=\"screen-reader-text\"><\/span> weiterlesen<\/a><\/p>\n                                    <\/div>\n                               <\/div><div class=\"cx_stellenangebote_with_filter_item element-item \">\n                                    <div class=\"cx_stellenangebote_with_filter_left\">\n                                        <a href=\"https:\/\/btg-feldberg.de\/stellenangebot\/kfm-mitarbeiter-auftragserfassung-m-w-d-vollzeit-spaetschicht\/\"><img loading=\"lazy\" decoding=\"async\" width=\"1957\" height=\"578\" src=\"https:\/\/twin.cargoline.de\/code-x\/wp-content\/uploads\/sites\/46\/2024\/02\/cropped-cropped-cropped-Logo_BTG_original-307x91.png\" class=\"custom-logo\" alt=\"BTG Logo\" itemprop=\"logo\" srcset=\"https:\/\/twin.cargoline.de\/code-x\/wp-content\/uploads\/sites\/46\/2024\/02\/cropped-cropped-cropped-Logo_BTG_original.png 1957w, https:\/\/twin.cargoline.de\/code-x\/wp-content\/uploads\/sites\/46\/2024\/02\/cropped-cropped-cropped-Logo_BTG_original-300x89.png 300w, https:\/\/twin.cargoline.de\/code-x\/wp-content\/uploads\/sites\/46\/2024\/02\/cropped-cropped-cropped-Logo_BTG_original-1024x302.png 1024w, https:\/\/twin.cargoline.de\/code-x\/wp-content\/uploads\/sites\/46\/2024\/02\/cropped-cropped-cropped-Logo_BTG_original-768x227.png 768w, https:\/\/twin.cargoline.de\/code-x\/wp-content\/uploads\/sites\/46\/2024\/02\/cropped-cropped-cropped-Logo_BTG_original-1536x454.png 1536w, https:\/\/twin.cargoline.de\/code-x\/wp-content\/uploads\/sites\/46\/2024\/02\/cropped-cropped-cropped-Logo_BTG_original-307x91.png 307w\" sizes=\"auto, (max-width: 1957px) 100vw, 1957px\" \/><\/a>\n                                    <\/div>\n                                    <div class=\"cx_stellenangebote_with_filter_right\">\n                                        <h3> Bocholt: Kaufm\u00e4nnischer Mitarbeiter Auftragserfassung (m\/w\/d) Vollzeit<\/h3>\n                                        <p style=\"margin-bottom: 20px\">Kaufm\u00e4nnischer Mitarbeiter (m\/w\/d in Vollzeit) &#8211; Auftragserfassung Du bist \u201eflink\u201c auf der Tastatur und beh\u00e4ltst auch bei vielen Informationen den \u00dcberblick? Dann freuen wir uns auf dich in unserem Team! [&hellip;]<\/p>\n                                        <p class=\"read-more\"> <a target=\"_blank\" style=\"border-radius: 5px;margin: 5px;color: #fff;background: var(--ast-global-color-8);padding: 20px 25px;text-decoration: none;\" class=\"ast-button\" href=\"https:\/\/btg-feldberg.de\/stellenangebot\/kfm-mitarbeiter-auftragserfassung-m-w-d-vollzeit-spaetschicht\/\"> <span class=\"screen-reader-text\"><\/span> weiterlesen<\/a><\/p>\n                                    <\/div>\n                               <\/div><div class=\"cx_stellenangebote_with_filter_item element-item altoeting lager \">\n                                    <div class=\"cx_stellenangebote_with_filter_left\">\n                                        <a href=\"https:\/\/hinterberger-logistik.de\/stellenangebot\/stellvertretender-leiter-versorgungslogistik\/\"><img loading=\"lazy\" decoding=\"async\" width=\"369\" height=\"95\" src=\"https:\/\/twin.cargoline.de\/code-x\/wp-content\/uploads\/sites\/60\/2023\/01\/cropped-hinterberg-1-162x42.webp\" class=\"custom-logo\" alt=\"\" itemprop=\"logo\" srcset=\"https:\/\/twin.cargoline.de\/code-x\/wp-content\/uploads\/sites\/60\/2023\/01\/cropped-hinterberg-1.webp 369w, https:\/\/twin.cargoline.de\/code-x\/wp-content\/uploads\/sites\/60\/2023\/01\/cropped-hinterberg-1-300x77.webp 300w, https:\/\/twin.cargoline.de\/code-x\/wp-content\/uploads\/sites\/60\/2023\/01\/cropped-hinterberg-1-162x42.webp 162w\" sizes=\"auto, (max-width: 369px) 100vw, 369px\" \/><\/a>\n                                    <\/div>\n                                    <div class=\"cx_stellenangebote_with_filter_right\">\n                                        <h3> Alt\u00f6ting: Stellvertretender Leiter Versorgungslogistik<\/h3>\n                                        <p style=\"margin-bottom: 20px\">Stellvertretender Leiter Versorgungslogistik &#8211; Logistikfachkraft\/Lagerfachkraft m\/w\/d in Vollzeit Du bist motiviert, verantwortungsbewusst und arbeitest gerne im Team?Du bist kontaktfreudig und arbeitest auch gerne eigenst\u00e4ndig? Dann bist du bei uns genau [&hellip;]<\/p>\n                                        <p class=\"read-more\"> <a target=\"_blank\" style=\"border-radius: 5px;margin: 5px;color: #fff;background: var(--ast-global-color-8);padding: 20px 25px;text-decoration: none;\" class=\"ast-button\" href=\"https:\/\/hinterberger-logistik.de\/stellenangebot\/stellvertretender-leiter-versorgungslogistik\/\"> <span class=\"screen-reader-text\"><\/span> weiterlesen<\/a><\/p>\n                                    <\/div>\n                               <\/div><div class=\"cx_stellenangebote_with_filter_item element-item hannover sehnde-ot-hoever disposition karriere kaufmaennisch stellenangebote \">\n                                    <div class=\"cx_stellenangebote_with_filter_left\">\n                                        <a href=\"https:\/\/koester-hapke-sped.com\/stellenangebot\/disponenten-fur-den-nah-und-regionalverkehr\/\"><img loading=\"lazy\" decoding=\"async\" width=\"2560\" height=\"665\" src=\"https:\/\/twin.cargoline.de\/code-x\/wp-content\/uploads\/sites\/53\/2025\/07\/KH-Logo-scaled-250x65.webp\" class=\"custom-logo\" alt=\"\" itemprop=\"logo\" srcset=\"https:\/\/twin.cargoline.de\/code-x\/wp-content\/uploads\/sites\/53\/2025\/07\/KH-Logo-scaled.webp 2560w, https:\/\/twin.cargoline.de\/code-x\/wp-content\/uploads\/sites\/53\/2025\/07\/KH-Logo-scaled-300x78.webp 300w, https:\/\/twin.cargoline.de\/code-x\/wp-content\/uploads\/sites\/53\/2025\/07\/KH-Logo-scaled-1024x266.webp 1024w, https:\/\/twin.cargoline.de\/code-x\/wp-content\/uploads\/sites\/53\/2025\/07\/KH-Logo-scaled-768x200.webp 768w, https:\/\/twin.cargoline.de\/code-x\/wp-content\/uploads\/sites\/53\/2025\/07\/KH-Logo-scaled-1536x399.webp 1536w, https:\/\/twin.cargoline.de\/code-x\/wp-content\/uploads\/sites\/53\/2025\/07\/KH-Logo-scaled-2048x532.webp 2048w, https:\/\/twin.cargoline.de\/code-x\/wp-content\/uploads\/sites\/53\/2025\/07\/KH-Logo-scaled-250x65.webp 250w\" sizes=\"auto, (max-width: 2560px) 100vw, 2560px\" \/><\/a>\n                                    <\/div>\n                                    <div class=\"cx_stellenangebote_with_filter_right\">\n                                        <h3> Hannover, Sehnde \/ OT H\u00f6ver: Disponenten (m\/w\/d) f\u00fcr den Nah- und Regionalverkehr<\/h3>\n                                        <p style=\"margin-bottom: 20px\">K\u00f6ster &amp; Hapke &#8211; Wir verbinden Menschen und M\u00e4rkte Lust auf neue Herausforderungen in einer aufregenden Branche? K\u00f6ster &amp; Hapke ist ein mittelst\u00e4ndisches Familienunternehmen. Seit 1854 machen wir Logistik f\u00fcr [&hellip;]<\/p>\n                                        <p class=\"read-more\"> <a target=\"_blank\" style=\"border-radius: 5px;margin: 5px;color: #fff;background: var(--ast-global-color-8);padding: 20px 25px;text-decoration: none;\" class=\"ast-button\" href=\"https:\/\/koester-hapke-sped.com\/stellenangebot\/disponenten-fur-den-nah-und-regionalverkehr\/\"> <span class=\"screen-reader-text\"><\/span> weiterlesen<\/a><\/p>\n                                    <\/div>\n                               <\/div><div class=\"cx_stellenangebote_with_filter_item element-item \">\n                                    <div class=\"cx_stellenangebote_with_filter_left\">\n                                        <a href=\"https:\/\/btg-feldberg.de\/stellenangebot\/gruppenleitung-operative-logistik\/\"><img loading=\"lazy\" decoding=\"async\" width=\"1957\" height=\"578\" src=\"https:\/\/twin.cargoline.de\/code-x\/wp-content\/uploads\/sites\/46\/2024\/02\/cropped-cropped-cropped-Logo_BTG_original-307x91.png\" class=\"custom-logo\" alt=\"BTG Logo\" itemprop=\"logo\" srcset=\"https:\/\/twin.cargoline.de\/code-x\/wp-content\/uploads\/sites\/46\/2024\/02\/cropped-cropped-cropped-Logo_BTG_original.png 1957w, https:\/\/twin.cargoline.de\/code-x\/wp-content\/uploads\/sites\/46\/2024\/02\/cropped-cropped-cropped-Logo_BTG_original-300x89.png 300w, https:\/\/twin.cargoline.de\/code-x\/wp-content\/uploads\/sites\/46\/2024\/02\/cropped-cropped-cropped-Logo_BTG_original-1024x302.png 1024w, https:\/\/twin.cargoline.de\/code-x\/wp-content\/uploads\/sites\/46\/2024\/02\/cropped-cropped-cropped-Logo_BTG_original-768x227.png 768w, https:\/\/twin.cargoline.de\/code-x\/wp-content\/uploads\/sites\/46\/2024\/02\/cropped-cropped-cropped-Logo_BTG_original-1536x454.png 1536w, https:\/\/twin.cargoline.de\/code-x\/wp-content\/uploads\/sites\/46\/2024\/02\/cropped-cropped-cropped-Logo_BTG_original-307x91.png 307w\" sizes=\"auto, (max-width: 1957px) 100vw, 1957px\" \/><\/a>\n                                    <\/div>\n                                    <div class=\"cx_stellenangebote_with_filter_right\">\n                                        <h3> Bocholt: Gruppenleitung &#8211; operative Logistik (m\/w\/d) in Vollzeit<\/h3>\n                                        <p style=\"margin-bottom: 20px\">Gruppenleitung &#8211; operative Logistik (m\/w\/d) in Vollzeit Du bist gerne im Lager im Einsatz, beh\u00e4ltst im Tagesgesch\u00e4ft den \u00dcberblick und koordinierst dabei eine feste Gruppe?Dann bist du bei uns genau [&hellip;]<\/p>\n                                        <p class=\"read-more\"> <a target=\"_blank\" style=\"border-radius: 5px;margin: 5px;color: #fff;background: var(--ast-global-color-8);padding: 20px 25px;text-decoration: none;\" class=\"ast-button\" href=\"https:\/\/btg-feldberg.de\/stellenangebot\/gruppenleitung-operative-logistik\/\"> <span class=\"screen-reader-text\"><\/span> weiterlesen<\/a><\/p>\n                                    <\/div>\n                               <\/div><div class=\"cx_stellenangebote_with_filter_item element-item hamburg ausbildung \">\n                                    <div class=\"cx_stellenangebote_with_filter_left\">\n                                        <a href=\"https:\/\/bursped.de\/stellenangebot\/berufsausbildung-kaufmann-kauffrau-fuer-bueromanagement\/\"><img loading=\"lazy\" decoding=\"async\" width=\"1650\" height=\"1030\" src=\"https:\/\/twin.cargoline.de\/code-x\/wp-content\/uploads\/sites\/57\/2023\/01\/bild-162x101.webp\" class=\"custom-logo\" alt=\"\" itemprop=\"logo\" srcset=\"https:\/\/twin.cargoline.de\/code-x\/wp-content\/uploads\/sites\/57\/2023\/01\/bild.webp 1650w, https:\/\/twin.cargoline.de\/code-x\/wp-content\/uploads\/sites\/57\/2023\/01\/bild-300x187.webp 300w, https:\/\/twin.cargoline.de\/code-x\/wp-content\/uploads\/sites\/57\/2023\/01\/bild-1024x639.webp 1024w, https:\/\/twin.cargoline.de\/code-x\/wp-content\/uploads\/sites\/57\/2023\/01\/bild-768x479.webp 768w, https:\/\/twin.cargoline.de\/code-x\/wp-content\/uploads\/sites\/57\/2023\/01\/bild-1536x959.webp 1536w, https:\/\/twin.cargoline.de\/code-x\/wp-content\/uploads\/sites\/57\/2023\/01\/bild-162x101.webp 162w\" sizes=\"auto, (max-width: 1650px) 100vw, 1650px\" \/><\/a>\n                                    <\/div>\n                                    <div class=\"cx_stellenangebote_with_filter_right\">\n                                        <h3> Hamburg: Berufsausbildung: Kaufmann \/ Kauffrau f\u00fcr B\u00fcromanagement<\/h3>\n                                        <p style=\"margin-bottom: 20px\">Berufsausbildung: Kaufmann \/ Kauffrau f\u00fcr B\u00fcromanagement Wir verbinden Menschen und M\u00e4rkte Lust auf einen Ausbildungsplatz in einer aufregenden, abwechslungsreichen und zukunftssicheren Branche? BurSped ist ein f\u00fchrendes mittelst\u00e4ndisches Familienunternehmen. Seit 1948 [&hellip;]<\/p>\n                                        <p class=\"read-more\"> <a target=\"_blank\" style=\"border-radius: 5px;margin: 5px;color: #fff;background: var(--ast-global-color-8);padding: 20px 25px;text-decoration: none;\" class=\"ast-button\" href=\"https:\/\/bursped.de\/stellenangebot\/berufsausbildung-kaufmann-kauffrau-fuer-bueromanagement\/\"> <span class=\"screen-reader-text\"><\/span> weiterlesen<\/a><\/p>\n                                    <\/div>\n                               <\/div><div class=\"cx_stellenangebote_with_filter_item element-item hannover sehnde-ot-hoever disposition karriere kaufmaennisch stellenangebote \">\n                                    <div class=\"cx_stellenangebote_with_filter_left\">\n                                        <a href=\"https:\/\/koester-hapke-sped.com\/stellenangebot\/mitarbeiter-disposition-sammelgutausgangsabfertigung-m-w-d\/\"><img loading=\"lazy\" decoding=\"async\" width=\"2560\" height=\"665\" src=\"https:\/\/twin.cargoline.de\/code-x\/wp-content\/uploads\/sites\/53\/2025\/07\/KH-Logo-scaled-250x65.webp\" class=\"custom-logo\" alt=\"\" itemprop=\"logo\" srcset=\"https:\/\/twin.cargoline.de\/code-x\/wp-content\/uploads\/sites\/53\/2025\/07\/KH-Logo-scaled.webp 2560w, https:\/\/twin.cargoline.de\/code-x\/wp-content\/uploads\/sites\/53\/2025\/07\/KH-Logo-scaled-300x78.webp 300w, https:\/\/twin.cargoline.de\/code-x\/wp-content\/uploads\/sites\/53\/2025\/07\/KH-Logo-scaled-1024x266.webp 1024w, https:\/\/twin.cargoline.de\/code-x\/wp-content\/uploads\/sites\/53\/2025\/07\/KH-Logo-scaled-768x200.webp 768w, https:\/\/twin.cargoline.de\/code-x\/wp-content\/uploads\/sites\/53\/2025\/07\/KH-Logo-scaled-1536x399.webp 1536w, https:\/\/twin.cargoline.de\/code-x\/wp-content\/uploads\/sites\/53\/2025\/07\/KH-Logo-scaled-2048x532.webp 2048w, https:\/\/twin.cargoline.de\/code-x\/wp-content\/uploads\/sites\/53\/2025\/07\/KH-Logo-scaled-250x65.webp 250w\" sizes=\"auto, (max-width: 2560px) 100vw, 2560px\" \/><\/a>\n                                    <\/div>\n                                    <div class=\"cx_stellenangebote_with_filter_right\">\n                                        <h3> Hannover, Sehnde \/ OT H\u00f6ver: Mitarbeiter Disposition Sammelgutausgangsabfertigung (m\/w\/d)<\/h3>\n                                        <p style=\"margin-bottom: 20px\">K\u00f6ster &amp; Hapke &#8211; Wir verbinden Menschen und M\u00e4rkte Lust auf neue Herausforderungen in einer aufregenden Branche? K\u00f6ster &amp; Hapke ist ein mittelst\u00e4ndisches Familienunternehmen. Seit 1854 machen wir Logistik f\u00fcr [&hellip;]<\/p>\n                                        <p class=\"read-more\"> <a target=\"_blank\" style=\"border-radius: 5px;margin: 5px;color: #fff;background: var(--ast-global-color-8);padding: 20px 25px;text-decoration: none;\" class=\"ast-button\" href=\"https:\/\/koester-hapke-sped.com\/stellenangebot\/mitarbeiter-disposition-sammelgutausgangsabfertigung-m-w-d\/\"> <span class=\"screen-reader-text\"><\/span> weiterlesen<\/a><\/p>\n                                    <\/div>\n                               <\/div><div class=\"cx_stellenangebote_with_filter_item element-item plattling palettenbuchhaltung \">\n                                    <div class=\"cx_stellenangebote_with_filter_left\">\n                                        <a href=\"https:\/\/grassl.de\/stellenangebot\/duales-studium-bwl-schwerpunkt-logistik-m-w-d\/\"><img decoding=\"async\" class=\"custom-logo\" src=\"https:\/\/www.cargoline.de\/wp-content\/themes\/astra-child\/widgets\/img\/grassl_logo_weiss_auf_orange.png\"><\/a>\n                                    <\/div>\n                                    <div class=\"cx_stellenangebote_with_filter_right\">\n                                        <h3> plattling: Duales Studium BWL Schwerpunkt Logistik (m\/w\/d)<\/h3>\n                                        <p style=\"margin-bottom: 20px\">Du hast Interesse an Logistik, m\u00f6chtest studieren und gleichzeitig eine handfeste Ausbildung machen? Dann ist das Duale Verbundstudium genau das richtige. Beim Studium mit vertiefter Praxis verbringst du die meiste [&hellip;]<\/p>\n                                        <p class=\"read-more\"> <a target=\"_blank\" style=\"border-radius: 5px;margin: 5px;color: #fff;background: var(--ast-global-color-8);padding: 20px 25px;text-decoration: none;\" class=\"ast-button\" href=\"https:\/\/grassl.de\/stellenangebot\/duales-studium-bwl-schwerpunkt-logistik-m-w-d\/\"> <span class=\"screen-reader-text\"><\/span> weiterlesen<\/a><\/p>\n                                    <\/div>\n                               <\/div><div class=\"cx_stellenangebote_with_filter_item element-item \">\n                                    <div class=\"cx_stellenangebote_with_filter_left\">\n                                        <a href=\"https:\/\/hinterberger-logistik.de\/stellenangebot\/kaufmaennische-mitarbeiter-m-w-d\/\"><img loading=\"lazy\" decoding=\"async\" width=\"369\" height=\"95\" src=\"https:\/\/twin.cargoline.de\/code-x\/wp-content\/uploads\/sites\/60\/2023\/01\/cropped-hinterberg-1-162x42.webp\" class=\"custom-logo\" alt=\"\" itemprop=\"logo\" srcset=\"https:\/\/twin.cargoline.de\/code-x\/wp-content\/uploads\/sites\/60\/2023\/01\/cropped-hinterberg-1.webp 369w, https:\/\/twin.cargoline.de\/code-x\/wp-content\/uploads\/sites\/60\/2023\/01\/cropped-hinterberg-1-300x77.webp 300w, https:\/\/twin.cargoline.de\/code-x\/wp-content\/uploads\/sites\/60\/2023\/01\/cropped-hinterberg-1-162x42.webp 162w\" sizes=\"auto, (max-width: 369px) 100vw, 369px\" \/><\/a>\n                                    <\/div>\n                                    <div class=\"cx_stellenangebote_with_filter_right\">\n                                        <h3> Kaufm\u00e4nnische Mitarbeiter m-w-d<\/h3>\n                                        <p style=\"margin-bottom: 20px\">Wir suchen eine\/n kaufm\u00e4nnische Mitarbeiter*in&nbsp;f\u00fcr die Auftragsabwicklung ! (m\/w\/d)&#8211; auch f\u00fcr Quereinsteiger geeignet&#8211; Du bist motiviert, verantwortungsbewusst und arbeitest gerne im Team?Du bist kontaktfreudig und arbeitest auch gerne eigenst\u00e4ndig? Dann [&hellip;]<\/p>\n                                        <p class=\"read-more\"> <a target=\"_blank\" style=\"border-radius: 5px;margin: 5px;color: #fff;background: var(--ast-global-color-8);padding: 20px 25px;text-decoration: none;\" class=\"ast-button\" href=\"https:\/\/hinterberger-logistik.de\/stellenangebot\/kaufmaennische-mitarbeiter-m-w-d\/\"> <span class=\"screen-reader-text\"><\/span> weiterlesen<\/a><\/p>\n                                    <\/div>\n                               <\/div><div class=\"cx_stellenangebote_with_filter_item element-item kaufmaennisch \">\n                                    <div class=\"cx_stellenangebote_with_filter_left\">\n                                        <a href=\"https:\/\/koch-international.de\/stellenangebot\/customer-service-specialist-m-w-d\/\"><img loading=\"lazy\" decoding=\"async\" width=\"666\" height=\"375\" src=\"https:\/\/twin.cargoline.de\/code-x\/wp-content\/uploads\/sites\/47\/2023\/02\/KOCH_Logo_Gelb_transparent-removebg-preview-220x124.png\" class=\"custom-logo\" alt=\"Logo Koch International\" itemprop=\"logo\" srcset=\"https:\/\/twin.cargoline.de\/code-x\/wp-content\/uploads\/sites\/47\/2023\/02\/KOCH_Logo_Gelb_transparent-removebg-preview.png 666w, https:\/\/twin.cargoline.de\/code-x\/wp-content\/uploads\/sites\/47\/2023\/02\/KOCH_Logo_Gelb_transparent-removebg-preview-300x169.png 300w, https:\/\/twin.cargoline.de\/code-x\/wp-content\/uploads\/sites\/47\/2023\/02\/KOCH_Logo_Gelb_transparent-removebg-preview-220x124.png 220w\" sizes=\"auto, (max-width: 666px) 100vw, 666px\" \/><\/a>\n                                    <\/div>\n                                    <div class=\"cx_stellenangebote_with_filter_right\">\n                                        <h3> Osnabr\u00fcck: Customer Service Specialist (m\/w\/d)<\/h3>\n                                        <p style=\"margin-bottom: 20px\">Werde Teil unseres Teams und unterst\u00fctze uns im Kundenservice! In dieser Rolle betreust du unsere Bestandskunden, bearbeitest Serviceanfragen und optimierst Abl\u00e4ufe. Mit deiner kaufm\u00e4nnischen Ausbildung, ersten Erfahrungen im Kundenservice oder Vertriebsinnendienst und sicheren MS-Office-Kenntnissen bringst du die idealen Voraussetzungen mit.<\/p>\n                                        <p class=\"read-more\"> <a target=\"_self\" style=\"border-radius: 5px;margin: 5px;color: #fff;background: var(--ast-global-color-8);padding: 20px 25px;text-decoration: none;\" class=\"ast-button\" href=\"https:\/\/koch-international.de\/stellenangebot\/customer-service-specialist-m-w-d\/\"> <span class=\"screen-reader-text\"><\/span> weiterlesen<\/a><\/p>\n                                    <\/div>\n                               <\/div><div class=\"cx_stellenangebote_with_filter_item element-item hannover sehnde-ot-hoever disposition karriere kaufmaennisch stellenangebote \">\n                                    <div class=\"cx_stellenangebote_with_filter_left\">\n                                        <a href=\"https:\/\/koester-hapke-sped.com\/stellenangebot\/disponenten-fur-den-nahverkehr-nachtschicht\/\"><img loading=\"lazy\" decoding=\"async\" width=\"2560\" height=\"665\" src=\"https:\/\/twin.cargoline.de\/code-x\/wp-content\/uploads\/sites\/53\/2025\/07\/KH-Logo-scaled-250x65.webp\" class=\"custom-logo\" alt=\"\" itemprop=\"logo\" srcset=\"https:\/\/twin.cargoline.de\/code-x\/wp-content\/uploads\/sites\/53\/2025\/07\/KH-Logo-scaled.webp 2560w, https:\/\/twin.cargoline.de\/code-x\/wp-content\/uploads\/sites\/53\/2025\/07\/KH-Logo-scaled-300x78.webp 300w, https:\/\/twin.cargoline.de\/code-x\/wp-content\/uploads\/sites\/53\/2025\/07\/KH-Logo-scaled-1024x266.webp 1024w, https:\/\/twin.cargoline.de\/code-x\/wp-content\/uploads\/sites\/53\/2025\/07\/KH-Logo-scaled-768x200.webp 768w, https:\/\/twin.cargoline.de\/code-x\/wp-content\/uploads\/sites\/53\/2025\/07\/KH-Logo-scaled-1536x399.webp 1536w, https:\/\/twin.cargoline.de\/code-x\/wp-content\/uploads\/sites\/53\/2025\/07\/KH-Logo-scaled-2048x532.webp 2048w, https:\/\/twin.cargoline.de\/code-x\/wp-content\/uploads\/sites\/53\/2025\/07\/KH-Logo-scaled-250x65.webp 250w\" sizes=\"auto, (max-width: 2560px) 100vw, 2560px\" \/><\/a>\n                                    <\/div>\n                                    <div class=\"cx_stellenangebote_with_filter_right\">\n                                        <h3> Hannover, Sehnde \/ OT H\u00f6ver: Disponenten (m\/w\/d) f\u00fcr den Nahverkehr Nachtschicht<\/h3>\n                                        <p style=\"margin-bottom: 20px\">K\u00f6ster &amp; Hapke &#8211; Wir verbinden Menschen und M\u00e4rkte Lust auf neue Herausforderungen in einer aufregenden Branche? K\u00f6ster &amp; Hapke ist ein mittelst\u00e4ndisches Familienunternehmen. Seit 1854 machen wir Logistik f\u00fcr [&hellip;]<\/p>\n                                        <p class=\"read-more\"> <a target=\"_blank\" style=\"border-radius: 5px;margin: 5px;color: #fff;background: var(--ast-global-color-8);padding: 20px 25px;text-decoration: none;\" class=\"ast-button\" href=\"https:\/\/koester-hapke-sped.com\/stellenangebot\/disponenten-fur-den-nahverkehr-nachtschicht\/\"> <span class=\"screen-reader-text\"><\/span> weiterlesen<\/a><\/p>\n                                    <\/div>\n                               <\/div><div class=\"cx_stellenangebote_with_filter_item element-item hannover sehnde-ot-hoever karriere kaufmaennisch stellenangebote vertrieb \">\n                                    <div class=\"cx_stellenangebote_with_filter_left\">\n                                        <a href=\"https:\/\/koester-hapke-sped.com\/stellenangebot\/mitarbeiter-tendermanagement-m-w-d\/\"><img loading=\"lazy\" decoding=\"async\" width=\"2560\" height=\"665\" src=\"https:\/\/twin.cargoline.de\/code-x\/wp-content\/uploads\/sites\/53\/2025\/07\/KH-Logo-scaled-250x65.webp\" class=\"custom-logo\" alt=\"\" itemprop=\"logo\" srcset=\"https:\/\/twin.cargoline.de\/code-x\/wp-content\/uploads\/sites\/53\/2025\/07\/KH-Logo-scaled.webp 2560w, https:\/\/twin.cargoline.de\/code-x\/wp-content\/uploads\/sites\/53\/2025\/07\/KH-Logo-scaled-300x78.webp 300w, https:\/\/twin.cargoline.de\/code-x\/wp-content\/uploads\/sites\/53\/2025\/07\/KH-Logo-scaled-1024x266.webp 1024w, https:\/\/twin.cargoline.de\/code-x\/wp-content\/uploads\/sites\/53\/2025\/07\/KH-Logo-scaled-768x200.webp 768w, https:\/\/twin.cargoline.de\/code-x\/wp-content\/uploads\/sites\/53\/2025\/07\/KH-Logo-scaled-1536x399.webp 1536w, https:\/\/twin.cargoline.de\/code-x\/wp-content\/uploads\/sites\/53\/2025\/07\/KH-Logo-scaled-2048x532.webp 2048w, https:\/\/twin.cargoline.de\/code-x\/wp-content\/uploads\/sites\/53\/2025\/07\/KH-Logo-scaled-250x65.webp 250w\" sizes=\"auto, (max-width: 2560px) 100vw, 2560px\" \/><\/a>\n                                    <\/div>\n                                    <div class=\"cx_stellenangebote_with_filter_right\">\n                                        <h3> Sehnde \/ OT H\u00f6ver: Mitarbeiter Tendermanagement (m\/w\/d)<\/h3>\n                                        <p style=\"margin-bottom: 20px\">K\u00f6ster &amp; Hapke &#8211; Wir verbinden Menschen und M\u00e4rkte Lust auf neue Herausforderungen in einer aufregenden Branche? K\u00f6ster &amp; Hapke ist ein mittelst\u00e4ndisches Familienunternehmen. Seit 1854 machen wir Logistik f\u00fcr [&hellip;]<\/p>\n                                        <p class=\"read-more\"> <a target=\"_blank\" style=\"border-radius: 5px;margin: 5px;color: #fff;background: var(--ast-global-color-8);padding: 20px 25px;text-decoration: none;\" class=\"ast-button\" href=\"https:\/\/koester-hapke-sped.com\/stellenangebot\/mitarbeiter-tendermanagement-m-w-d\/\"> <span class=\"screen-reader-text\"><\/span> weiterlesen<\/a><\/p>\n                                    <\/div>\n                               <\/div><div class=\"cx_stellenangebote_with_filter_item element-item altoeting lager \">\n                                    <div class=\"cx_stellenangebote_with_filter_left\">\n                                        <a href=\"https:\/\/hinterberger-logistik.de\/stellenangebot\/sachbearbeiter-m-w-d-fuer-unsere-palettenabteilung\/\"><img loading=\"lazy\" decoding=\"async\" width=\"369\" height=\"95\" src=\"https:\/\/twin.cargoline.de\/code-x\/wp-content\/uploads\/sites\/60\/2023\/01\/cropped-hinterberg-1-162x42.webp\" class=\"custom-logo\" alt=\"\" itemprop=\"logo\" srcset=\"https:\/\/twin.cargoline.de\/code-x\/wp-content\/uploads\/sites\/60\/2023\/01\/cropped-hinterberg-1.webp 369w, https:\/\/twin.cargoline.de\/code-x\/wp-content\/uploads\/sites\/60\/2023\/01\/cropped-hinterberg-1-300x77.webp 300w, https:\/\/twin.cargoline.de\/code-x\/wp-content\/uploads\/sites\/60\/2023\/01\/cropped-hinterberg-1-162x42.webp 162w\" sizes=\"auto, (max-width: 369px) 100vw, 369px\" \/><\/a>\n                                    <\/div>\n                                    <div class=\"cx_stellenangebote_with_filter_right\">\n                                        <h3> Alt\u00f6ting: Sachbearbeiter (m\/w\/d) f\u00fcr unsere Palettenabteilung<\/h3>\n                                        <p style=\"margin-bottom: 20px\">Sachbearbeiter (m\/w\/d) f\u00fcr unsere Palettenabteilung Ihre neue Herausforderung bei Hinterberger Spedition und Logistik Sind Sie ein Organisationstalent mit einem Faible f\u00fcr Zahlen und Statistiken? Lieben Sie die Logistikbranche und haben [&hellip;]<\/p>\n                                        <p class=\"read-more\"> <a target=\"_blank\" style=\"border-radius: 5px;margin: 5px;color: #fff;background: var(--ast-global-color-8);padding: 20px 25px;text-decoration: none;\" class=\"ast-button\" href=\"https:\/\/hinterberger-logistik.de\/stellenangebot\/sachbearbeiter-m-w-d-fuer-unsere-palettenabteilung\/\"> <span class=\"screen-reader-text\"><\/span> weiterlesen<\/a><\/p>\n                                    <\/div>\n                               <\/div><div class=\"cx_stellenangebote_with_filter_item element-item \">\n                                    <div class=\"cx_stellenangebote_with_filter_left\">\n                                        <a href=\"https:\/\/hinterberger-logistik.de\/stellenangebot\/%f0%9f%9a%9b-selbststaendiger-transportunternehmer-systempartner\/\"><img loading=\"lazy\" decoding=\"async\" width=\"369\" height=\"95\" src=\"https:\/\/twin.cargoline.de\/code-x\/wp-content\/uploads\/sites\/60\/2023\/01\/cropped-hinterberg-1-162x42.webp\" class=\"custom-logo\" alt=\"\" itemprop=\"logo\" srcset=\"https:\/\/twin.cargoline.de\/code-x\/wp-content\/uploads\/sites\/60\/2023\/01\/cropped-hinterberg-1.webp 369w, https:\/\/twin.cargoline.de\/code-x\/wp-content\/uploads\/sites\/60\/2023\/01\/cropped-hinterberg-1-300x77.webp 300w, https:\/\/twin.cargoline.de\/code-x\/wp-content\/uploads\/sites\/60\/2023\/01\/cropped-hinterberg-1-162x42.webp 162w\" sizes=\"auto, (max-width: 369px) 100vw, 369px\" \/><\/a>\n                                    <\/div>\n                                    <div class=\"cx_stellenangebote_with_filter_right\">\n                                        <h3> \ud83d\ude9b Selbstst\u00e4ndiger                                                                                                 Transportunternehmer \/ Systempartner<\/h3>\n                                        <p style=\"margin-bottom: 20px\">Wir suchen eine\/n zuverl\u00e4ssige\/n Transportunternehmer\/in bzw. Systempartner\/in Wir suchen Transportunternehmer\/innen mit Fahrzeugen von 7,5 to bis 12 to zul\u00e4ssigem Gesamtgewicht (auch mit Anh\u00e4nger), f\u00fcr die Zustellung und Abholung von Spediteursammelgut [&hellip;]<\/p>\n                                        <p class=\"read-more\"> <a target=\"_blank\" style=\"border-radius: 5px;margin: 5px;color: #fff;background: var(--ast-global-color-8);padding: 20px 25px;text-decoration: none;\" class=\"ast-button\" href=\"https:\/\/hinterberger-logistik.de\/stellenangebot\/%f0%9f%9a%9b-selbststaendiger-transportunternehmer-systempartner\/\"> <span class=\"screen-reader-text\"><\/span> weiterlesen<\/a><\/p>\n                                    <\/div>\n                               <\/div><div class=\"cx_stellenangebote_with_filter_item element-item \">\n                                    <div class=\"cx_stellenangebote_with_filter_left\">\n                                        <a href=\"https:\/\/hinterberger-logistik.de\/stellenangebot\/%f0%9f%9a%9a-berufskraftfahrer-in\/\"><img loading=\"lazy\" decoding=\"async\" width=\"369\" height=\"95\" src=\"https:\/\/twin.cargoline.de\/code-x\/wp-content\/uploads\/sites\/60\/2023\/01\/cropped-hinterberg-1-162x42.webp\" class=\"custom-logo\" alt=\"\" itemprop=\"logo\" srcset=\"https:\/\/twin.cargoline.de\/code-x\/wp-content\/uploads\/sites\/60\/2023\/01\/cropped-hinterberg-1.webp 369w, https:\/\/twin.cargoline.de\/code-x\/wp-content\/uploads\/sites\/60\/2023\/01\/cropped-hinterberg-1-300x77.webp 300w, https:\/\/twin.cargoline.de\/code-x\/wp-content\/uploads\/sites\/60\/2023\/01\/cropped-hinterberg-1-162x42.webp 162w\" sizes=\"auto, (max-width: 369px) 100vw, 369px\" \/><\/a>\n                                    <\/div>\n                                    <div class=\"cx_stellenangebote_with_filter_right\">\n                                        <h3> \ud83d\ude9a Berufskraftfahrer\/in<\/h3>\n                                        <p style=\"margin-bottom: 20px\">Wir suchen eine\/n Berufskraftfahrer\/in mit der F\u00fchrerscheinklasse CE (m\/w\/d) Ihre Vorteile Aufgabengebiet Qualifikation Bewerben Sie sich noch heute :<\/p>\n                                        <p class=\"read-more\"> <a target=\"_blank\" style=\"border-radius: 5px;margin: 5px;color: #fff;background: var(--ast-global-color-8);padding: 20px 25px;text-decoration: none;\" class=\"ast-button\" href=\"https:\/\/hinterberger-logistik.de\/stellenangebot\/%f0%9f%9a%9a-berufskraftfahrer-in\/\"> <span class=\"screen-reader-text\"><\/span> weiterlesen<\/a><\/p>\n                                    <\/div>\n                               <\/div><div class=\"cx_stellenangebote_with_filter_item element-item bremen disposition \">\n                                    <div class=\"cx_stellenangebote_with_filter_left\">\n                                        <a href=\"https:\/\/bhs-spedition.com\/stellenangebot\/disponent-im-nahverkehr-m-w-d\/\"><img loading=\"lazy\" decoding=\"async\" width=\"487\" height=\"200\" src=\"https:\/\/twin.cargoline.de\/code-x\/wp-content\/uploads\/sites\/51\/2022\/12\/cropped-cropped-logo_bhs-removebg-preview-1-100x41.png\" class=\"custom-logo\" alt=\"\" itemprop=\"logo\" srcset=\"https:\/\/twin.cargoline.de\/code-x\/wp-content\/uploads\/sites\/51\/2022\/12\/cropped-cropped-logo_bhs-removebg-preview-1.png 487w, https:\/\/twin.cargoline.de\/code-x\/wp-content\/uploads\/sites\/51\/2022\/12\/cropped-cropped-logo_bhs-removebg-preview-1-300x123.png 300w, https:\/\/twin.cargoline.de\/code-x\/wp-content\/uploads\/sites\/51\/2022\/12\/cropped-cropped-logo_bhs-removebg-preview-1-100x41.png 100w\" sizes=\"auto, (max-width: 487px) 100vw, 487px\" \/><\/a>\n                                    <\/div>\n                                    <div class=\"cx_stellenangebote_with_filter_right\">\n                                        <h3> Bremen: Disponent im Nahverkehr (m\/ w\/ d)<\/h3>\n                                        <p style=\"margin-bottom: 20px\">Zur Verst\u00e4rkung unseres Teams in Bremen suchen wir zum n\u00e4chstm\u00f6glichen Termin eine\/n Disponenten im Nahverkehr (m\/ w\/ d) Ihre Aufgaben Ihre Qualifikation: Wir bieten Ihnen: Wir freuen uns auf Ihre [&hellip;]<\/p>\n                                        <p class=\"read-more\"> <a target=\"_blank\" style=\"border-radius: 5px;margin: 5px;color: #fff;background: var(--ast-global-color-8);padding: 20px 25px;text-decoration: none;\" class=\"ast-button\" href=\"https:\/\/bhs-spedition.com\/stellenangebot\/disponent-im-nahverkehr-m-w-d\/\"> <span class=\"screen-reader-text\"><\/span> weiterlesen<\/a><\/p>\n                                    <\/div>\n                               <\/div><\/div>\n                \n                <script>\n                    jQuery(function ($){\n                        var $grid = $('.grid_container').isotope({\n                        itemSelector: '.element-item',\n                        layoutMode: 'fitRows',\n                        getSortData: {\n                            name: '.name',\n                            symbol: '.symbol',\n                            number: '.number parseInt',\n                            category: '[data-category]',\n                            weight: function( itemElem ) {\n                              var weight = $( itemElem ).find('.weight').text();\n                              return parseFloat( weight.replace( \/[\\(\\)]\/g, '') );\n                            }\n                          }\n                        });\n                        \/\/ filter functions\n                        var filterFns = {\n                          \/\/ show if number is greater than 50\n                          numberGreaterThan50: function() {\n                            var number = $(this).find('.number').text();\n                            return parseInt( number, 10 ) > 50;\n                          },\n                          \/\/ show if name ends with -ium\n                          ium: function() {\n                            var name = $(this).find('.name').text();\n                            return name.match( \/ium$\/ );\n                          }\n                        };\n\n                        \/\/ bind filter button click\n                        $('#filters').on( 'change', 'select', function() {\n                          var filterValue = $( this ).find(':selected').attr('data-filter');\n                          \/\/ use filterFn if matches value\n                          filterValue = filterFns[ filterValue ] || filterValue;\n                          $grid.isotope({ filter: filterValue });\n                        });\n                    });\n                      <\/script>\n             <\/div>","protected":false},"excerpt":{"rendered":"","protected":false},"author":1,"featured_media":0,"parent":0,"menu_order":0,"comment_status":"closed","ping_status":"closed","template":"","meta":{"site-sidebar-layout":"default","site-content-layout":"","ast-site-content-layout":"default","site-content-style":"default","site-sidebar-style":"default","ast-global-header-display":"","ast-banner-title-visibility":"","ast-main-header-display":"","ast-hfb-above-header-display":"","ast-hfb-below-header-display":"","ast-hfb-mobile-header-display":"","site-post-title":"","ast-breadcrumbs-content":"","ast-featured-img":"","footer-sml-layout":"","ast-disable-related-posts":"","theme-transparent-header-meta":"","adv-header-id-meta":"","stick-header-meta":"","header-above-stick-meta":"","header-main-stick-meta":"","header-below-stick-meta":"","astra-migrate-meta-layouts":"set","ast-page-background-enabled":"default","ast-page-background-meta":{"desktop":{"background-color":"var(--ast-global-color-4)","background-image":"","background-repeat":"repeat","background-position":"center center","background-size":"auto","background-attachment":"scroll","background-type":"","background-media":"","overlay-type":"","overlay-color":"","overlay-opacity":"","overlay-gradient":""},"tablet":{"background-color":"","background-image":"","background-repeat":"repeat","background-position":"center center","background-size":"auto","background-attachment":"scroll","background-type":"","background-media":"","overlay-type":"","overlay-color":"","overlay-opacity":"","overlay-gradient":""},"mobile":{"background-color":"","background-image":"","background-repeat":"repeat","background-position":"center center","background-size":"auto","background-attachment":"scroll","background-type":"","background-media":"","overlay-type":"","overlay-color":"","overlay-opacity":"","overlay-gradient":""}},"ast-content-background-meta":{"desktop":{"background-color":"var(--ast-global-color-5)","background-image":"","background-repeat":"repeat","background-position":"center center","background-size":"auto","background-attachment":"scroll","background-type":"","background-media":"","overlay-type":"","overlay-color":"","overlay-opacity":"","overlay-gradient":""},"tablet":{"background-color":"var(--ast-global-color-5)","background-image":"","background-repeat":"repeat","background-position":"center center","background-size":"auto","background-attachment":"scroll","background-type":"","background-media":"","overlay-type":"","overlay-color":"","overlay-opacity":"","overlay-gradient":""},"mobile":{"background-color":"var(--ast-global-color-5)","background-image":"","background-repeat":"repeat","background-position":"center center","background-size":"auto","background-attachment":"scroll","background-type":"","background-media":"","overlay-type":"","overlay-color":"","overlay-opacity":"","overlay-gradient":""}},"footnotes":""},"class_list":["post-29842","page","type-page","status-publish","hentry"],"yoast_head":"<!-- This site is optimized with the Yoast SEO plugin v27.5 - https:\/\/yoast.com\/product\/yoast-seo-wordpress\/ -->\n<title>Stellenangebote - code-x GmbH<\/title>\n<meta name=\"robots\" content=\"noindex, follow, max-snippet:-1, max-image-preview:large, max-video-preview:-1\" \/>\n<meta property=\"og:locale\" content=\"de_DE\" \/>\n<meta property=\"og:type\" content=\"article\" \/>\n<meta property=\"og:title\" content=\"Stellenangebote - code-x GmbH\" \/>\n<meta property=\"og:url\" content=\"https:\/\/twin.cargoline.de\/code-x\/stellenangebote\/\" \/>\n<meta property=\"og:site_name\" content=\"code-x GmbH\" \/>\n<meta property=\"article:modified_time\" content=\"2023-12-12T07:49:19+00:00\" \/>\n<meta name=\"twitter:card\" content=\"summary_large_image\" \/>\n<script type=\"application\/ld+json\" class=\"yoast-schema-graph\">{\"@context\":\"https:\\\/\\\/schema.org\",\"@graph\":[{\"@type\":\"WebPage\",\"@id\":\"https:\\\/\\\/twin.cargoline.de\\\/code-x\\\/stellenangebote\\\/\",\"url\":\"https:\\\/\\\/twin.cargoline.de\\\/code-x\\\/stellenangebote\\\/\",\"name\":\"Stellenangebote - code-x GmbH\",\"isPartOf\":{\"@id\":\"https:\\\/\\\/twin.cargoline.de\\\/code-x\\\/#website\"},\"datePublished\":\"2022-11-24T09:00:44+00:00\",\"dateModified\":\"2023-12-12T07:49:19+00:00\",\"breadcrumb\":{\"@id\":\"https:\\\/\\\/twin.cargoline.de\\\/code-x\\\/stellenangebote\\\/#breadcrumb\"},\"inLanguage\":\"de\",\"potentialAction\":[{\"@type\":\"ReadAction\",\"target\":[\"https:\\\/\\\/twin.cargoline.de\\\/code-x\\\/stellenangebote\\\/\"]}]},{\"@type\":\"BreadcrumbList\",\"@id\":\"https:\\\/\\\/twin.cargoline.de\\\/code-x\\\/stellenangebote\\\/#breadcrumb\",\"itemListElement\":[{\"@type\":\"ListItem\",\"position\":1,\"name\":\"Startseite\",\"item\":\"https:\\\/\\\/twin.cargoline.de\\\/code-x\\\/\"},{\"@type\":\"ListItem\",\"position\":2,\"name\":\"Stellenangebote\"}]},{\"@type\":\"WebSite\",\"@id\":\"https:\\\/\\\/twin.cargoline.de\\\/code-x\\\/#website\",\"url\":\"https:\\\/\\\/twin.cargoline.de\\\/code-x\\\/\",\"name\":\"code-x GmbH\",\"description\":\"code-x - Internet &amp; Marketing\",\"publisher\":{\"@id\":\"https:\\\/\\\/twin.cargoline.de\\\/code-x\\\/#organization\"},\"potentialAction\":[{\"@type\":\"SearchAction\",\"target\":{\"@type\":\"EntryPoint\",\"urlTemplate\":\"https:\\\/\\\/twin.cargoline.de\\\/code-x\\\/?s={search_term_string}\"},\"query-input\":{\"@type\":\"PropertyValueSpecification\",\"valueRequired\":true,\"valueName\":\"search_term_string\"}}],\"inLanguage\":\"de\"},{\"@type\":\"Organization\",\"@id\":\"https:\\\/\\\/twin.cargoline.de\\\/code-x\\\/#organization\",\"name\":\"code-x GmbH\",\"url\":\"https:\\\/\\\/twin.cargoline.de\\\/code-x\\\/\",\"logo\":{\"@type\":\"ImageObject\",\"inLanguage\":\"de\",\"@id\":\"https:\\\/\\\/twin.cargoline.de\\\/code-x\\\/#\\\/schema\\\/logo\\\/image\\\/\",\"url\":\"https:\\\/\\\/twin.cargoline.de\\\/code-x\\\/wp-content\\\/uploads\\\/sites\\\/40\\\/2022\\\/11\\\/53C4D66F-D979-4500-B4B1-CD82C179C86F.png\",\"contentUrl\":\"https:\\\/\\\/twin.cargoline.de\\\/code-x\\\/wp-content\\\/uploads\\\/sites\\\/40\\\/2022\\\/11\\\/53C4D66F-D979-4500-B4B1-CD82C179C86F.png\",\"width\":1388,\"height\":474,\"caption\":\"code-x GmbH\"},\"image\":{\"@id\":\"https:\\\/\\\/twin.cargoline.de\\\/code-x\\\/#\\\/schema\\\/logo\\\/image\\\/\"}}]}<\/script>\n<!-- \/ Yoast SEO plugin. -->","yoast_head_json":{"title":"Stellenangebote - code-x GmbH","robots":{"index":"noindex","follow":"follow","max-snippet":"max-snippet:-1","max-image-preview":"max-image-preview:large","max-video-preview":"max-video-preview:-1"},"og_locale":"de_DE","og_type":"article","og_title":"Stellenangebote - code-x GmbH","og_url":"https:\/\/twin.cargoline.de\/code-x\/stellenangebote\/","og_site_name":"code-x GmbH","article_modified_time":"2023-12-12T07:49:19+00:00","twitter_card":"summary_large_image","schema":{"@context":"https:\/\/schema.org","@graph":[{"@type":"WebPage","@id":"https:\/\/twin.cargoline.de\/code-x\/stellenangebote\/","url":"https:\/\/twin.cargoline.de\/code-x\/stellenangebote\/","name":"Stellenangebote - code-x GmbH","isPartOf":{"@id":"https:\/\/twin.cargoline.de\/code-x\/#website"},"datePublished":"2022-11-24T09:00:44+00:00","dateModified":"2023-12-12T07:49:19+00:00","breadcrumb":{"@id":"https:\/\/twin.cargoline.de\/code-x\/stellenangebote\/#breadcrumb"},"inLanguage":"de","potentialAction":[{"@type":"ReadAction","target":["https:\/\/twin.cargoline.de\/code-x\/stellenangebote\/"]}]},{"@type":"BreadcrumbList","@id":"https:\/\/twin.cargoline.de\/code-x\/stellenangebote\/#breadcrumb","itemListElement":[{"@type":"ListItem","position":1,"name":"Startseite","item":"https:\/\/twin.cargoline.de\/code-x\/"},{"@type":"ListItem","position":2,"name":"Stellenangebote"}]},{"@type":"WebSite","@id":"https:\/\/twin.cargoline.de\/code-x\/#website","url":"https:\/\/twin.cargoline.de\/code-x\/","name":"code-x GmbH","description":"code-x - Internet &amp; Marketing","publisher":{"@id":"https:\/\/twin.cargoline.de\/code-x\/#organization"},"potentialAction":[{"@type":"SearchAction","target":{"@type":"EntryPoint","urlTemplate":"https:\/\/twin.cargoline.de\/code-x\/?s={search_term_string}"},"query-input":{"@type":"PropertyValueSpecification","valueRequired":true,"valueName":"search_term_string"}}],"inLanguage":"de"},{"@type":"Organization","@id":"https:\/\/twin.cargoline.de\/code-x\/#organization","name":"code-x GmbH","url":"https:\/\/twin.cargoline.de\/code-x\/","logo":{"@type":"ImageObject","inLanguage":"de","@id":"https:\/\/twin.cargoline.de\/code-x\/#\/schema\/logo\/image\/","url":"https:\/\/twin.cargoline.de\/code-x\/wp-content\/uploads\/sites\/40\/2022\/11\/53C4D66F-D979-4500-B4B1-CD82C179C86F.png","contentUrl":"https:\/\/twin.cargoline.de\/code-x\/wp-content\/uploads\/sites\/40\/2022\/11\/53C4D66F-D979-4500-B4B1-CD82C179C86F.png","width":1388,"height":474,"caption":"code-x GmbH"},"image":{"@id":"https:\/\/twin.cargoline.de\/code-x\/#\/schema\/logo\/image\/"}}]}},"_links":{"self":[{"href":"https:\/\/twin.cargoline.de\/code-x\/wp-json\/wp\/v2\/pages\/29842","targetHints":{"allow":["GET"]}}],"collection":[{"href":"https:\/\/twin.cargoline.de\/code-x\/wp-json\/wp\/v2\/pages"}],"about":[{"href":"https:\/\/twin.cargoline.de\/code-x\/wp-json\/wp\/v2\/types\/page"}],"author":[{"embeddable":true,"href":"https:\/\/twin.cargoline.de\/code-x\/wp-json\/wp\/v2\/users\/1"}],"replies":[{"embeddable":true,"href":"https:\/\/twin.cargoline.de\/code-x\/wp-json\/wp\/v2\/comments?post=29842"}],"version-history":[{"count":2,"href":"https:\/\/twin.cargoline.de\/code-x\/wp-json\/wp\/v2\/pages\/29842\/revisions"}],"predecessor-version":[{"id":43675,"href":"https:\/\/twin.cargoline.de\/code-x\/wp-json\/wp\/v2\/pages\/29842\/revisions\/43675"}],"wp:attachment":[{"href":"https:\/\/twin.cargoline.de\/code-x\/wp-json\/wp\/v2\/media?parent=29842"}],"curies":[{"name":"wp","href":"https:\/\/api.w.org\/{rel}","templated":true}]}}